{"id":7937,"date":"2020-09-27T13:24:20","date_gmt":"2020-09-27T11:24:20","guid":{"rendered":"https:\/\/www.volf.fr\/?page_id=7937"},"modified":"2020-09-27T13:55:32","modified_gmt":"2020-09-27T11:55:32","slug":"la-france-en-cinq-sens","status":"publish","type":"page","link":"https:\/\/www.volf.fr\/it\/la-france-en-cinq-sens\/","title":{"rendered":"LA FRANCE EN CINQ SENS"},"content":{"rendered":"<div data-elementor-type=\"wp-page\" data-elementor-id=\"7937\" class=\"elementor elementor-7937\" data-elementor-settings=\"{&quot;ha_cmc_init_switcher&quot;:&quot;no&quot;}\">\n\t\t\t\t\t\t<section class=\"elementor-section elementor-top-section elementor-element elementor-element-41c42040 elementor-section-height-min-height elementor-section-stretched elementor-section-full_width elementor-section-height-default elementor-section-items-middle wpr-particle-no wpr-jarallax-no wpr-parallax-no wpr-sticky-section-no\" data-id=\"41c42040\" data-element_type=\"section\" data-settings=\"{&quot;background_background&quot;:&quot;classic&quot;,&quot;shape_divider_bottom&quot;:&quot;arrow&quot;,&quot;shape_divider_bottom_negative&quot;:&quot;yes&quot;,&quot;stretch_section&quot;:&quot;section-stretched&quot;,&quot;_ha_eqh_enable&quot;:false}\">\n\t\t\t\t\t\t\t<div class=\"elementor-background-overlay\"><\/div>\n\t\t\t\t\t\t<div class=\"elementor-shape elementor-shape-bottom\" aria-hidden=\"true\" data-negative=\"true\">\n\t\t\t<svg xmlns=\"http:\/\/www.w3.org\/2000\/svg\" viewbox=\"0 0 700 10\" preserveaspectratio=\"none\">\n\t<path class=\"elementor-shape-fill\" d=\"M360 0L350 9.9 340 0 0 0 0 10 700 10 700 0\"\/>\n<\/svg>\t\t<\/div>\n\t\t\t\t\t<div class=\"elementor-container elementor-column-gap-default\">\n\t\t\t\t\t<div class=\"elementor-column elementor-col-100 elementor-top-column elementor-element elementor-element-4484ec9e\" data-id=\"4484ec9e\" data-element_type=\"column\">\n\t\t\t<div class=\"elementor-widget-wrap elementor-element-populated\">\n\t\t\t\t\t\t<section class=\"elementor-section elementor-inner-section elementor-element elementor-element-01d32b1 elementor-section-boxed elementor-section-height-default elementor-section-height-default wpr-particle-no wpr-jarallax-no wpr-parallax-no wpr-sticky-section-no\" data-id=\"01d32b1\" data-element_type=\"section\" data-settings=\"{&quot;_ha_eqh_enable&quot;:false}\">\n\t\t\t\t\t\t<div class=\"elementor-container elementor-column-gap-default\">\n\t\t\t\t\t<div class=\"elementor-column elementor-col-33 elementor-inner-column elementor-element elementor-element-62f48db\" data-id=\"62f48db\" data-element_type=\"column\">\n\t\t\t<div class=\"elementor-widget-wrap\">\n\t\t\t\t\t\t\t<\/div>\n\t\t<\/div>\n\t\t\t\t<div class=\"elementor-column elementor-col-33 elementor-inner-column elementor-element elementor-element-c9ceb19\" data-id=\"c9ceb19\" data-element_type=\"column\">\n\t\t\t<div class=\"elementor-widget-wrap elementor-element-populated\">\n\t\t\t\t\t\t<div class=\"elementor-element elementor-element-c1fda38 elementor-widget elementor-widget-image\" data-id=\"c1fda38\" data-element_type=\"widget\" data-widget_type=\"image.default\">\n\t\t\t\t<div class=\"elementor-widget-container\">\n\t\t\t\t\t\t\t\t\t\t\t\t\t\t\t<img fetchpriority=\"high\" decoding=\"async\" width=\"520\" height=\"455\" src=\"https:\/\/www.volf.fr\/wp-content\/uploads\/2020\/09\/logo-image-france-cinq-sens1.png\" class=\"attachment-large size-large wp-image-7970\" alt=\"Logo image france cinq sens1\" srcset=\"https:\/\/www.volf.fr\/wp-content\/uploads\/2020\/09\/logo-image-france-cinq-sens1.png 520w, https:\/\/www.volf.fr\/wp-content\/uploads\/2020\/09\/logo-image-france-cinq-sens1-14x12.png 14w, https:\/\/www.volf.fr\/wp-content\/uploads\/2020\/09\/logo-image-france-cinq-sens1-300x263.png 300w\" sizes=\"(max-width: 520px) 100vw, 520px\" \/>\t\t\t\t\t\t\t\t\t\t\t\t\t\t\t<\/div>\n\t\t\t\t<\/div>\n\t\t\t\t\t<\/div>\n\t\t<\/div>\n\t\t\t\t<div class=\"elementor-column elementor-col-33 elementor-inner-column elementor-element elementor-element-5936aa2\" data-id=\"5936aa2\" data-element_type=\"column\">\n\t\t\t<div class=\"elementor-widget-wrap\">\n\t\t\t\t\t\t\t<\/div>\n\t\t<\/div>\n\t\t\t\t\t<\/div>\n\t\t<\/section>\n\t\t\t\t<div class=\"elementor-element elementor-element-c2f543d elementor-widget elementor-widget-heading\" data-id=\"c2f543d\" data-element_type=\"widget\" data-widget_type=\"heading.default\">\n\t\t\t\t<div class=\"elementor-widget-container\">\n\t\t\t\t\t<h1 class=\"elementor-heading-title elementor-size-default\">La France en Cinq Sens<\/h1>\t\t\t\t<\/div>\n\t\t\t\t<\/div>\n\t\t\t\t<div class=\"elementor-element elementor-element-67b0310 elementor-widget elementor-widget-heading\" data-id=\"67b0310\" data-element_type=\"widget\" data-widget_type=\"heading.default\">\n\t\t\t\t<div class=\"elementor-widget-container\">\n\t\t\t\t\t<h2 class=\"elementor-heading-title elementor-size-default\">Voyages culturels en partenariat avec l'Institut fran\u00e7ais<\/h2>\t\t\t\t<\/div>\n\t\t\t\t<\/div>\n\t\t\t\t<div class=\"elementor-element elementor-element-7836e5ab elementor-view-default elementor-widget elementor-widget-icon\" data-id=\"7836e5ab\" data-element_type=\"widget\" data-widget_type=\"icon.default\">\n\t\t\t\t<div class=\"elementor-widget-container\">\n\t\t\t\t\t\t\t<div class=\"elementor-icon-wrapper\">\n\t\t\t<div class=\"elementor-icon\">\n\t\t\t<i aria-hidden=\"true\" class=\"far fa-arrow-alt-circle-down\"><\/i>\t\t\t<\/div>\n\t\t<\/div>\n\t\t\t\t\t\t<\/div>\n\t\t\t\t<\/div>\n\t\t\t\t\t<\/div>\n\t\t<\/div>\n\t\t\t\t\t<\/div>\n\t\t<\/section>\n\t\t\t\t<section class=\"elementor-section elementor-top-section elementor-element elementor-element-3e00f3d0 elementor-section-content-middle elementor-section-stretched elementor-section-full_width elementor-section-height-default elementor-section-height-default wpr-particle-no wpr-jarallax-no wpr-parallax-no wpr-sticky-section-no\" data-id=\"3e00f3d0\" data-element_type=\"section\" data-settings=\"{&quot;background_background&quot;:&quot;classic&quot;,&quot;stretch_section&quot;:&quot;section-stretched&quot;,&quot;_ha_eqh_enable&quot;:false}\">\n\t\t\t\t\t\t<div class=\"elementor-container elementor-column-gap-default\">\n\t\t\t\t\t<div class=\"elementor-column elementor-col-100 elementor-top-column elementor-element elementor-element-5cb6fcea\" data-id=\"5cb6fcea\" data-element_type=\"column\">\n\t\t\t<div class=\"elementor-widget-wrap elementor-element-populated\">\n\t\t\t\t\t\t<div class=\"elementor-element elementor-element-766c2406 elementor-widget elementor-widget-heading\" data-id=\"766c2406\" data-element_type=\"widget\" data-widget_type=\"heading.default\">\n\t\t\t\t<div class=\"elementor-widget-container\">\n\t\t\t\t\t<h1 class=\"elementor-heading-title elementor-size-default\">Itin\u00e9raires Francophones<\/h1>\t\t\t\t<\/div>\n\t\t\t\t<\/div>\n\t\t\t\t\t<\/div>\n\t\t<\/div>\n\t\t\t\t\t<\/div>\n\t\t<\/section>\n\t\t\t\t<section class=\"elementor-section elementor-top-section elementor-element elementor-element-44555110 elementor-section-content-middle elementor-reverse-mobile elementor-section-boxed elementor-section-height-default elementor-section-height-default wpr-particle-no wpr-jarallax-no wpr-parallax-no wpr-sticky-section-no\" data-id=\"44555110\" data-element_type=\"section\" data-settings=\"{&quot;_ha_eqh_enable&quot;:false}\">\n\t\t\t\t\t\t<div class=\"elementor-container elementor-column-gap-default\">\n\t\t\t\t\t<div class=\"elementor-column elementor-col-50 elementor-top-column elementor-element elementor-element-7cc035b3\" data-id=\"7cc035b3\" data-element_type=\"column\">\n\t\t\t<div class=\"elementor-widget-wrap elementor-element-populated\">\n\t\t\t\t\t\t<div class=\"elementor-element elementor-element-60db218d elementor-widget elementor-widget-heading\" data-id=\"60db218d\" data-element_type=\"widget\" data-widget_type=\"heading.default\">\n\t\t\t\t<div class=\"elementor-widget-container\">\n\t\t\t\t\t<h3 class=\"elementor-heading-title elementor-size-default\">\u00ab Langue et Loisirs \u00bb - S\u00e9jours linguistiques sur mesure<\/h3>\t\t\t\t<\/div>\n\t\t\t\t<\/div>\n\t\t\t\t<div class=\"elementor-element elementor-element-59097073 elementor-widget elementor-widget-text-editor\" data-id=\"59097073\" data-element_type=\"widget\" data-widget_type=\"text-editor.default\">\n\t\t\t\t<div class=\"elementor-widget-container\">\n\t\t\t\t\t\t\t\t\t<p>Partez \u00e9tudier le fran\u00e7ais dans une \u00e9cole de langues en France avec un programme de loisirs enthousiasmant. Outre l\u2019inscription au cours de langue et l\u2019organisation de l\u2019h\u00e9bergement, nous vous proposons un parcours d\u2019activit\u00e9s culturelles sur mesure. Suite \u00e0 un entretien, nous vous aidons \u00e0 choisir la ville correspondant le mieux \u00e0 vos attentes et s\u00e9lectionnons des activit\u00e9s de qualit\u00e9 correspondant \u00e0 vos centres d\u2019int\u00e9r\u00eats\u00a0: concerts, visite de mus\u00e9es et sites naturels ou historiques, rencontres litt\u00e9raires ou sportives, conf\u00e9rences, etc. Nous vous fournissons toutes les informations n\u00e9cessaires et effectuons les r\u00e9servations pour que vous ne manquiez rien et n\u2019ayez plus qu\u2019\u00e0 \u00e9tudier et vous d\u00e9tendre.<\/p>\t\t\t\t\t\t\t\t<\/div>\n\t\t\t\t<\/div>\n\t\t\t\t<div class=\"elementor-element elementor-element-5bf11874 elementor-align-left elementor-mobile-align-center elementor-widget elementor-widget-button\" data-id=\"5bf11874\" data-element_type=\"widget\" data-widget_type=\"button.default\">\n\t\t\t\t<div class=\"elementor-widget-container\">\n\t\t\t\t\t\t\t\t\t<div class=\"elementor-button-wrapper\">\n\t\t\t\t\t<a class=\"elementor-button elementor-button-link elementor-size-md\" href=\"https:\/\/www.volf.fr\/it\/frantastique\/\">\n\t\t\t\t\t\t<span class=\"elementor-button-content-wrapper\">\n\t\t\t\t\t\t<span class=\"elementor-button-icon\">\n\t\t\t\t<i aria-hidden=\"true\" class=\"fas fa-angle-double-right\"><\/i>\t\t\t<\/span>\n\t\t\t\t\t\t\t\t\t<span class=\"elementor-button-text\">Saperne di pi\u00f9<\/span>\n\t\t\t\t\t<\/span>\n\t\t\t\t\t<\/a>\n\t\t\t\t<\/div>\n\t\t\t\t\t\t\t\t<\/div>\n\t\t\t\t<\/div>\n\t\t\t\t\t<\/div>\n\t\t<\/div>\n\t\t\t\t<div class=\"elementor-column elementor-col-50 elementor-top-column elementor-element elementor-element-67d899fc\" data-id=\"67d899fc\" data-element_type=\"column\">\n\t\t\t<div class=\"elementor-widget-wrap elementor-element-populated\">\n\t\t\t\t\t\t<div class=\"elementor-element elementor-element-49fdf18 elementor-widget elementor-widget-image\" data-id=\"49fdf18\" data-element_type=\"widget\" data-widget_type=\"image.default\">\n\t\t\t\t<div class=\"elementor-widget-container\">\n\t\t\t\t\t\t\t\t\t\t\t\t\t\t\t<img decoding=\"async\" src=\"https:\/\/www.volf.fr\/wp-content\/plugins\/elementor\/assets\/images\/placeholder.png\" title=\"\" alt=\"\" loading=\"lazy\" \/>\t\t\t\t\t\t\t\t\t\t\t\t\t\t\t<\/div>\n\t\t\t\t<\/div>\n\t\t\t\t<div class=\"elementor-element elementor-element-431d6e96 elementor-widget elementor-widget-image\" data-id=\"431d6e96\" data-element_type=\"widget\" data-widget_type=\"image.default\">\n\t\t\t\t<div class=\"elementor-widget-container\">\n\t\t\t\t\t\t\t\t\t\t\t\t\t\t\t<img decoding=\"async\" src=\"https:\/\/www.volf.fr\/wp-content\/uploads\/2020\/04\/itine\u0301raires-francophones2.png\" title=\"\" alt=\"\" loading=\"lazy\" \/>\t\t\t\t\t\t\t\t\t\t\t\t\t\t\t<\/div>\n\t\t\t\t<\/div>\n\t\t\t\t\t<\/div>\n\t\t<\/div>\n\t\t\t\t\t<\/div>\n\t\t<\/section>\n\t\t\t\t<\/div>","protected":false},"excerpt":{"rendered":"<p>La France en Cinq Sens Voyages culturels en partenariat avec l&rsquo;Institut fran\u00e7ais Itin\u00e9raires Francophones \u00ab Langue et Loisirs \u00bb &#8211; S\u00e9jours linguistiques sur mesure Partez&hellip;<\/p>","protected":false},"author":1,"featured_media":0,"parent":0,"menu_order":0,"comment_status":"closed","ping_status":"closed","template":"","meta":{"_uag_custom_page_level_css":"","slim_seo":{"title":"LA FRANCE EN CINQ SENS - VOLF \u2013 Voix et Langue Fran\u00e7aise","description":"La France en Cinq Sens Voyages culturels en partenariat avec l'Institut fran\u00e7ais Itin\u00e9raires Francophones \u00ab Langue et Loisirs \u00bb - S\u00e9jours linguistiques sur mesu"},"footnotes":""},"class_list":["post-7937","page","type-page","status-publish","hentry"],"yoast_head":"<!-- This site is optimized with the Yoast SEO plugin v26.6 - https:\/\/yoast.com\/wordpress\/plugins\/seo\/ -->\n<title>LA FRANCE EN CINQ SENS - VOLF \u2013 Voix et Langue Fran\u00e7aise<\/title>\n<meta name=\"robots\" content=\"index, follow, max-snippet:-1, max-image-preview:large, max-video-preview:-1\" \/>\n<link rel=\"canonical\" href=\"https:\/\/www.volf.fr\/it\/la-france-en-cinq-sens\/\" \/>\n<meta property=\"og:locale\" content=\"it_IT\" \/>\n<meta property=\"og:type\" content=\"article\" \/>\n<meta property=\"og:title\" content=\"LA FRANCE EN CINQ SENS - VOLF \u2013 Voix et Langue Fran\u00e7aise\" \/>\n<meta property=\"og:description\" content=\"La France en Cinq Sens Voyages culturels en partenariat avec l&rsquo;Institut fran\u00e7ais Itin\u00e9raires Francophones \u00ab Langue et Loisirs \u00bb &#8211; S\u00e9jours linguistiques sur mesure Partez&hellip;\" \/>\n<meta property=\"og:url\" content=\"https:\/\/www.volf.fr\/it\/la-france-en-cinq-sens\/\" \/>\n<meta property=\"og:site_name\" content=\"VOLF \u2013 Voix et Langue Fran\u00e7aise\" \/>\n<meta property=\"article:modified_time\" content=\"2020-09-27T11:55:32+00:00\" \/>\n<meta property=\"og:image\" content=\"https:\/\/www.volf.fr\/wp-content\/uploads\/2020\/09\/logo-image-france-cinq-sens1.png\" \/>\n<meta name=\"twitter:card\" content=\"summary_large_image\" \/>\n<meta name=\"twitter:label1\" content=\"Tempo di lettura stimato\" \/>\n\t<meta name=\"twitter:data1\" content=\"1 minuto\" \/>\n<script type=\"application\/ld+json\" class=\"yoast-schema-graph\">{\"@context\":\"https:\/\/schema.org\",\"@graph\":[{\"@type\":\"WebPage\",\"@id\":\"https:\/\/www.volf.fr\/la-france-en-cinq-sens\/\",\"url\":\"https:\/\/www.volf.fr\/la-france-en-cinq-sens\/\",\"name\":\"LA FRANCE EN CINQ SENS - VOLF \u2013 Voix et Langue Fran\u00e7aise\",\"isPartOf\":{\"@id\":\"https:\/\/www.volf.fr\/#website\"},\"primaryImageOfPage\":{\"@id\":\"https:\/\/www.volf.fr\/la-france-en-cinq-sens\/#primaryimage\"},\"image\":{\"@id\":\"https:\/\/www.volf.fr\/la-france-en-cinq-sens\/#primaryimage\"},\"thumbnailUrl\":\"https:\/\/www.volf.fr\/wp-content\/uploads\/2020\/09\/logo-image-france-cinq-sens1.png\",\"datePublished\":\"2020-09-27T11:24:20+00:00\",\"dateModified\":\"2020-09-27T11:55:32+00:00\",\"breadcrumb\":{\"@id\":\"https:\/\/www.volf.fr\/la-france-en-cinq-sens\/#breadcrumb\"},\"inLanguage\":\"it-IT\",\"potentialAction\":[{\"@type\":\"ReadAction\",\"target\":[\"https:\/\/www.volf.fr\/la-france-en-cinq-sens\/\"]}]},{\"@type\":\"ImageObject\",\"inLanguage\":\"it-IT\",\"@id\":\"https:\/\/www.volf.fr\/la-france-en-cinq-sens\/#primaryimage\",\"url\":\"https:\/\/www.volf.fr\/wp-content\/uploads\/2020\/09\/logo-image-france-cinq-sens1.png\",\"contentUrl\":\"https:\/\/www.volf.fr\/wp-content\/uploads\/2020\/09\/logo-image-france-cinq-sens1.png\"},{\"@type\":\"BreadcrumbList\",\"@id\":\"https:\/\/www.volf.fr\/la-france-en-cinq-sens\/#breadcrumb\",\"itemListElement\":[{\"@type\":\"ListItem\",\"position\":1,\"name\":\"Accueil\",\"item\":\"https:\/\/www.volf.fr\/\"},{\"@type\":\"ListItem\",\"position\":2,\"name\":\"LA FRANCE EN CINQ SENS\"}]},{\"@type\":\"WebSite\",\"@id\":\"https:\/\/www.volf.fr\/#website\",\"url\":\"https:\/\/www.volf.fr\/\",\"name\":\"VOLF \u2013 Voix et Langue Fran\u00e7aise\",\"description\":\"\",\"publisher\":{\"@id\":\"https:\/\/www.volf.fr\/#organization\"},\"potentialAction\":[{\"@type\":\"SearchAction\",\"target\":{\"@type\":\"EntryPoint\",\"urlTemplate\":\"https:\/\/www.volf.fr\/?s={search_term_string}\"},\"query-input\":{\"@type\":\"PropertyValueSpecification\",\"valueRequired\":true,\"valueName\":\"search_term_string\"}}],\"inLanguage\":\"it-IT\"},{\"@type\":\"Organization\",\"@id\":\"https:\/\/www.volf.fr\/#organization\",\"name\":\"VOLF \u2013 Voix et Langue Fran\u00e7aise\",\"url\":\"https:\/\/www.volf.fr\/\",\"logo\":{\"@type\":\"ImageObject\",\"inLanguage\":\"it-IT\",\"@id\":\"https:\/\/www.volf.fr\/#\/schema\/logo\/image\/\",\"url\":\"https:\/\/www.volf.fr\/wp-content\/uploads\/2024\/09\/cropped-logo-volf1-2.png\",\"contentUrl\":\"https:\/\/www.volf.fr\/wp-content\/uploads\/2024\/09\/cropped-logo-volf1-2.png\",\"width\":685,\"height\":685,\"caption\":\"VOLF \u2013 Voix et Langue Fran\u00e7aise\"},\"image\":{\"@id\":\"https:\/\/www.volf.fr\/#\/schema\/logo\/image\/\"}}]}<\/script>\n<!-- \/ Yoast SEO plugin. -->","yoast_head_json":{"title":"LA FRANCE EN CINQ SENS - VOLF \u2013 Voix et Langue Fran\u00e7aise","robots":{"index":"index","follow":"follow","max-snippet":"max-snippet:-1","max-image-preview":"max-image-preview:large","max-video-preview":"max-video-preview:-1"},"canonical":"https:\/\/www.volf.fr\/it\/la-france-en-cinq-sens\/","og_locale":"it_IT","og_type":"article","og_title":"LA FRANCE EN CINQ SENS - VOLF \u2013 Voix et Langue Fran\u00e7aise","og_description":"La France en Cinq Sens Voyages culturels en partenariat avec l&rsquo;Institut fran\u00e7ais Itin\u00e9raires Francophones \u00ab Langue et Loisirs \u00bb &#8211; S\u00e9jours linguistiques sur mesure Partez&hellip;","og_url":"https:\/\/www.volf.fr\/it\/la-france-en-cinq-sens\/","og_site_name":"VOLF \u2013 Voix et Langue Fran\u00e7aise","article_modified_time":"2020-09-27T11:55:32+00:00","og_image":[{"url":"https:\/\/www.volf.fr\/wp-content\/uploads\/2020\/09\/logo-image-france-cinq-sens1.png","type":"","width":"","height":""}],"twitter_card":"summary_large_image","twitter_misc":{"Tempo di lettura stimato":"1 minuto"},"schema":{"@context":"https:\/\/schema.org","@graph":[{"@type":"WebPage","@id":"https:\/\/www.volf.fr\/la-france-en-cinq-sens\/","url":"https:\/\/www.volf.fr\/la-france-en-cinq-sens\/","name":"LA FRANCE EN CINQ SENS - VOLF \u2013 Voix et Langue Fran\u00e7aise","isPartOf":{"@id":"https:\/\/www.volf.fr\/#website"},"primaryImageOfPage":{"@id":"https:\/\/www.volf.fr\/la-france-en-cinq-sens\/#primaryimage"},"image":{"@id":"https:\/\/www.volf.fr\/la-france-en-cinq-sens\/#primaryimage"},"thumbnailUrl":"https:\/\/www.volf.fr\/wp-content\/uploads\/2020\/09\/logo-image-france-cinq-sens1.png","datePublished":"2020-09-27T11:24:20+00:00","dateModified":"2020-09-27T11:55:32+00:00","breadcrumb":{"@id":"https:\/\/www.volf.fr\/la-france-en-cinq-sens\/#breadcrumb"},"inLanguage":"it-IT","potentialAction":[{"@type":"ReadAction","target":["https:\/\/www.volf.fr\/la-france-en-cinq-sens\/"]}]},{"@type":"ImageObject","inLanguage":"it-IT","@id":"https:\/\/www.volf.fr\/la-france-en-cinq-sens\/#primaryimage","url":"https:\/\/www.volf.fr\/wp-content\/uploads\/2020\/09\/logo-image-france-cinq-sens1.png","contentUrl":"https:\/\/www.volf.fr\/wp-content\/uploads\/2020\/09\/logo-image-france-cinq-sens1.png"},{"@type":"BreadcrumbList","@id":"https:\/\/www.volf.fr\/la-france-en-cinq-sens\/#breadcrumb","itemListElement":[{"@type":"ListItem","position":1,"name":"Accueil","item":"https:\/\/www.volf.fr\/"},{"@type":"ListItem","position":2,"name":"LA FRANCE EN CINQ SENS"}]},{"@type":"WebSite","@id":"https:\/\/www.volf.fr\/#website","url":"https:\/\/www.volf.fr\/","name":"VOLF \u2013 Voix et Langue Fran\u00e7aise","description":"","publisher":{"@id":"https:\/\/www.volf.fr\/#organization"},"potentialAction":[{"@type":"SearchAction","target":{"@type":"EntryPoint","urlTemplate":"https:\/\/www.volf.fr\/?s={search_term_string}"},"query-input":{"@type":"PropertyValueSpecification","valueRequired":true,"valueName":"search_term_string"}}],"inLanguage":"it-IT"},{"@type":"Organization","@id":"https:\/\/www.volf.fr\/#organization","name":"VOLF \u2013 Voix et Langue Fran\u00e7aise","url":"https:\/\/www.volf.fr\/","logo":{"@type":"ImageObject","inLanguage":"it-IT","@id":"https:\/\/www.volf.fr\/#\/schema\/logo\/image\/","url":"https:\/\/www.volf.fr\/wp-content\/uploads\/2024\/09\/cropped-logo-volf1-2.png","contentUrl":"https:\/\/www.volf.fr\/wp-content\/uploads\/2024\/09\/cropped-logo-volf1-2.png","width":685,"height":685,"caption":"VOLF \u2013 Voix et Langue Fran\u00e7aise"},"image":{"@id":"https:\/\/www.volf.fr\/#\/schema\/logo\/image\/"}}]}},"uagb_featured_image_src":{"full":false,"thumbnail":false,"medium":false,"medium_large":false,"large":false,"1536x1536":false,"2048x2048":false,"trp-custom-language-flag":false,"woocommerce_thumbnail":false,"woocommerce_single":false,"woocommerce_gallery_thumbnail":false},"uagb_author_info":{"display_name":"Eymat\u00e0","author_link":"https:\/\/www.volf.fr\/it\/author\/aimata\/"},"uagb_comment_info":0,"uagb_excerpt":"La France en Cinq Sens Voyages culturels en partenariat avec l&rsquo;Institut fran\u00e7ais Itin\u00e9raires Francophones \u00ab Langue et Loisirs \u00bb &#8211; S\u00e9jours linguistiques sur mesure Partez&hellip;","_links":{"self":[{"href":"https:\/\/www.volf.fr\/it\/wp-json\/wp\/v2\/pages\/7937","targetHints":{"allow":["GET"]}}],"collection":[{"href":"https:\/\/www.volf.fr\/it\/wp-json\/wp\/v2\/pages"}],"about":[{"href":"https:\/\/www.volf.fr\/it\/wp-json\/wp\/v2\/types\/page"}],"author":[{"embeddable":true,"href":"https:\/\/www.volf.fr\/it\/wp-json\/wp\/v2\/users\/1"}],"replies":[{"embeddable":true,"href":"https:\/\/www.volf.fr\/it\/wp-json\/wp\/v2\/comments?post=7937"}],"version-history":[{"count":6,"href":"https:\/\/www.volf.fr\/it\/wp-json\/wp\/v2\/pages\/7937\/revisions"}],"predecessor-version":[{"id":7972,"href":"https:\/\/www.volf.fr\/it\/wp-json\/wp\/v2\/pages\/7937\/revisions\/7972"}],"wp:attachment":[{"href":"https:\/\/www.volf.fr\/it\/wp-json\/wp\/v2\/media?parent=7937"}],"curies":[{"name":"wp","href":"https:\/\/api.w.org\/{rel}","templated":true}]}}