{"id":2566,"date":"2013-10-21T12:15:22","date_gmt":"2013-10-21T10:15:22","guid":{"rendered":"http:\/\/www.volf.fr\/?page_id=2566"},"modified":"2024-12-08T15:44:39","modified_gmt":"2024-12-08T14:44:39","slug":"presentation","status":"publish","type":"page","link":"https:\/\/www.volf.fr\/it\/presentation\/","title":{"rendered":"\u00c0 propos"},"content":{"rendered":"<div data-elementor-type=\"wp-page\" data-elementor-id=\"2566\" class=\"elementor elementor-2566\" data-elementor-settings=\"{&quot;ha_cmc_init_switcher&quot;:&quot;no&quot;}\">\n\t\t\t\t\t\t<section class=\"elementor-section elementor-top-section elementor-element elementor-element-eab8310 elementor-section-boxed elementor-section-height-default elementor-section-height-default wpr-particle-no wpr-jarallax-no wpr-parallax-no wpr-sticky-section-no\" data-id=\"eab8310\" data-element_type=\"section\" data-settings=\"{&quot;_ha_eqh_enable&quot;:false}\">\n\t\t\t\t\t\t<div class=\"elementor-container elementor-column-gap-default\">\n\t\t\t\t\t<div class=\"elementor-column elementor-col-100 elementor-top-column elementor-element elementor-element-d34d7ee\" data-id=\"d34d7ee\" data-element_type=\"column\">\n\t\t\t<div class=\"elementor-widget-wrap elementor-element-populated\">\n\t\t\t\t\t\t<div class=\"elementor-element elementor-element-40736df elementor-widget elementor-widget-spacer\" data-id=\"40736df\" data-element_type=\"widget\" data-widget_type=\"spacer.default\">\n\t\t\t\t<div class=\"elementor-widget-container\">\n\t\t\t\t\t\t\t<div class=\"elementor-spacer\">\n\t\t\t<div class=\"elementor-spacer-inner\"><\/div>\n\t\t<\/div>\n\t\t\t\t\t\t<\/div>\n\t\t\t\t<\/div>\n\t\t\t\t\t<\/div>\n\t\t<\/div>\n\t\t\t\t\t<\/div>\n\t\t<\/section>\n\t\t\t\t<section class=\"elementor-section elementor-top-section elementor-element elementor-element-5940add elementor-section-boxed elementor-section-height-default elementor-section-height-default wpr-particle-no wpr-jarallax-no wpr-parallax-no wpr-sticky-section-no\" data-id=\"5940add\" data-element_type=\"section\" data-settings=\"{&quot;_ha_eqh_enable&quot;:false}\">\n\t\t\t\t\t\t<div class=\"elementor-container elementor-column-gap-default\">\n\t\t\t\t\t<div class=\"elementor-column elementor-col-20 elementor-top-column elementor-element elementor-element-71d5c21\" data-id=\"71d5c21\" data-element_type=\"column\">\n\t\t\t<div class=\"elementor-widget-wrap\">\n\t\t\t\t\t\t\t<\/div>\n\t\t<\/div>\n\t\t\t\t<div class=\"elementor-column elementor-col-20 elementor-top-column elementor-element elementor-element-3ba93da\" data-id=\"3ba93da\" data-element_type=\"column\">\n\t\t\t<div class=\"elementor-widget-wrap\">\n\t\t\t\t\t\t\t<\/div>\n\t\t<\/div>\n\t\t\t\t<div class=\"elementor-column elementor-col-20 elementor-top-column elementor-element elementor-element-32cb5ec\" data-id=\"32cb5ec\" data-element_type=\"column\">\n\t\t\t<div class=\"elementor-widget-wrap elementor-element-populated\">\n\t\t\t\t\t\t<div class=\"elementor-element elementor-element-d45f0b0 elementor-widget elementor-widget-image\" data-id=\"d45f0b0\" data-element_type=\"widget\" data-widget_type=\"image.default\">\n\t\t\t\t<div class=\"elementor-widget-container\">\n\t\t\t\t\t\t\t\t\t\t\t\t\t\t\t<img fetchpriority=\"high\" decoding=\"async\" width=\"1519\" height=\"1519\" src=\"https:\/\/www.volf.fr\/wp-content\/uploads\/2024\/10\/Ai\u0308mata-Guillain-piccolo-docente-.jpeg\" class=\"attachment-full size-full wp-image-10484\" alt=\"Ai\u0308mata Guillain piccolo docente\" srcset=\"https:\/\/www.volf.fr\/wp-content\/uploads\/2024\/10\/Ai\u0308mata-Guillain-piccolo-docente-.jpeg 1519w, https:\/\/www.volf.fr\/wp-content\/uploads\/2024\/10\/Ai\u0308mata-Guillain-piccolo-docente--80x80.jpeg 80w, https:\/\/www.volf.fr\/wp-content\/uploads\/2024\/10\/Ai\u0308mata-Guillain-piccolo-docente--300x300.jpeg 300w, https:\/\/www.volf.fr\/wp-content\/uploads\/2024\/10\/Ai\u0308mata-Guillain-piccolo-docente--768x768.jpeg 768w, https:\/\/www.volf.fr\/wp-content\/uploads\/2024\/10\/Ai\u0308mata-Guillain-piccolo-docente--1030x1030.jpeg 1030w, https:\/\/www.volf.fr\/wp-content\/uploads\/2024\/10\/Ai\u0308mata-Guillain-piccolo-docente--12x12.jpeg 12w, https:\/\/www.volf.fr\/wp-content\/uploads\/2024\/10\/Ai\u0308mata-Guillain-piccolo-docente--600x600.jpeg 600w, https:\/\/www.volf.fr\/wp-content\/uploads\/2024\/10\/Ai\u0308mata-Guillain-piccolo-docente--100x100.jpeg 100w\" sizes=\"(max-width: 1519px) 100vw, 1519px\" \/>\t\t\t\t\t\t\t\t\t\t\t\t\t\t\t<\/div>\n\t\t\t\t<\/div>\n\t\t\t\t\t<\/div>\n\t\t<\/div>\n\t\t\t\t<div class=\"elementor-column elementor-col-20 elementor-top-column elementor-element elementor-element-03f1902\" data-id=\"03f1902\" data-element_type=\"column\">\n\t\t\t<div class=\"elementor-widget-wrap\">\n\t\t\t\t\t\t\t<\/div>\n\t\t<\/div>\n\t\t\t\t<div class=\"elementor-column elementor-col-20 elementor-top-column elementor-element elementor-element-54a57b0\" data-id=\"54a57b0\" data-element_type=\"column\">\n\t\t\t<div class=\"elementor-widget-wrap\">\n\t\t\t\t\t\t\t<\/div>\n\t\t<\/div>\n\t\t\t\t\t<\/div>\n\t\t<\/section>\n\t\t\t\t<section class=\"elementor-section elementor-top-section elementor-element elementor-element-811ea43 elementor-section-boxed elementor-section-height-default elementor-section-height-default wpr-particle-no wpr-jarallax-no wpr-parallax-no wpr-sticky-section-no\" data-id=\"811ea43\" data-element_type=\"section\" data-settings=\"{&quot;_ha_eqh_enable&quot;:false}\">\n\t\t\t\t\t\t<div class=\"elementor-container elementor-column-gap-default\">\n\t\t\t\t\t<div class=\"elementor-column elementor-col-100 elementor-top-column elementor-element elementor-element-5e56e32\" data-id=\"5e56e32\" data-element_type=\"column\">\n\t\t\t<div class=\"elementor-widget-wrap elementor-element-populated\">\n\t\t\t\t\t\t<div class=\"elementor-element elementor-element-4ee13f0 elementor-widget elementor-widget-spacer\" data-id=\"4ee13f0\" data-element_type=\"widget\" data-widget_type=\"spacer.default\">\n\t\t\t\t<div class=\"elementor-widget-container\">\n\t\t\t\t\t\t\t<div class=\"elementor-spacer\">\n\t\t\t<div class=\"elementor-spacer-inner\"><\/div>\n\t\t<\/div>\n\t\t\t\t\t\t<\/div>\n\t\t\t\t<\/div>\n\t\t\t\t<div class=\"elementor-element elementor-element-26f8178 elementor-widget elementor-widget-heading\" data-id=\"26f8178\" data-element_type=\"widget\" data-widget_type=\"heading.default\">\n\t\t\t\t<div class=\"elementor-widget-container\">\n\t\t\t\t\t<h4 class=\"elementor-heading-title elementor-size-default\">A\u00efmata Guillain<\/h4>\t\t\t\t<\/div>\n\t\t\t\t<\/div>\n\t\t\t\t<div class=\"elementor-element elementor-element-829f272 elementor-widget elementor-widget-spacer\" data-id=\"829f272\" data-element_type=\"widget\" data-widget_type=\"spacer.default\">\n\t\t\t\t<div class=\"elementor-widget-container\">\n\t\t\t\t\t\t\t<div class=\"elementor-spacer\">\n\t\t\t<div class=\"elementor-spacer-inner\"><\/div>\n\t\t<\/div>\n\t\t\t\t\t\t<\/div>\n\t\t\t\t<\/div>\n\t\t\t\t\t<\/div>\n\t\t<\/div>\n\t\t\t\t\t<\/div>\n\t\t<\/section>\n\t\t\t\t<section class=\"elementor-section elementor-top-section elementor-element elementor-element-f2b78e7 elementor-section-boxed elementor-section-height-default elementor-section-height-default wpr-particle-no wpr-jarallax-no wpr-parallax-no wpr-sticky-section-no\" data-id=\"f2b78e7\" data-element_type=\"section\" data-settings=\"{&quot;_ha_eqh_enable&quot;:false}\">\n\t\t\t\t\t\t<div class=\"elementor-container elementor-column-gap-default\">\n\t\t\t\t\t<div class=\"elementor-column elementor-col-100 elementor-top-column elementor-element elementor-element-4de7517\" data-id=\"4de7517\" data-element_type=\"column\">\n\t\t\t<div class=\"elementor-widget-wrap elementor-element-populated\">\n\t\t\t\t\t\t<div class=\"elementor-element elementor-element-826c190 elementor-widget elementor-widget-text-editor\" data-id=\"826c190\" data-element_type=\"widget\" data-widget_type=\"text-editor.default\">\n\t\t\t\t<div class=\"elementor-widget-container\">\n\t\t\t\t\t\t\t\t\t<p>Specializzata nella dizione cantata per l'opera e la musica da camera, A\u00efmata Guillain insegna al Conservatorio statale di Musica Santa Cecilia a Roma dal 2013. Tra il 2002 e il 2020, ha creato e tenuto all'Institut Fran\u00e7ais di Roma l\u2019insieme dei corsi e laboratori di pronuncia, oltre a programmi di formazione continua in didattica della fonetica rivolti ai docenti della regione Lazio.<\/p>\n<p><a href=\"https:\/\/www.volf.fr\/wp-content\/uploads\/2020\/06\/muti.jpg\"><img decoding=\"async\" class=\"alignleft wp-image-6430\" src=\"https:\/\/www.volf.fr\/wp-content\/uploads\/2020\/06\/muti.jpg\" alt=\"muti\" width=\"200\" height=\"132\" srcset=\"https:\/\/www.volf.fr\/wp-content\/uploads\/2020\/06\/muti.jpg 1790w, https:\/\/www.volf.fr\/wp-content\/uploads\/2020\/06\/muti-18x12.jpg 18w, https:\/\/www.volf.fr\/wp-content\/uploads\/2020\/06\/muti-300x198.jpg 300w, https:\/\/www.volf.fr\/wp-content\/uploads\/2020\/06\/muti-768x508.jpg 768w, https:\/\/www.volf.fr\/wp-content\/uploads\/2020\/06\/muti-1030x681.jpg 1030w, https:\/\/www.volf.fr\/wp-content\/uploads\/2020\/06\/muti-1536x1016.jpg 1536w, https:\/\/www.volf.fr\/wp-content\/uploads\/2020\/06\/muti-600x397.jpg 600w\" sizes=\"(max-width: 200px) 100vw, 200px\" \/><\/a>Dal 2004, collabora regolarmente con numerosi teatri, soprattutto in Italia, Russia e Austria. Tra le produzioni realizzate figurano in particolare opere liriche di Respighi, Massenet, Bizet, Gluck, Debussy, Rossini, Gounod, Berlioz, Auber, Verdi e Adam. \nIn questi contesti, ha lavorato con artisti di fama internazionale, tra cui direttori d\u2019orchestra come Riccardo Muti, Lorin Maazel, Antonio Pappano, Daniele Gatti e Alain Lombard, cantanti come El\u012bna Garan\u010da, John Osborn, Roberto Frontali, Ildar Abdrazakov, Nicola Alaimo, Nancy Fabiola Herrera, Eleonora Buratto, Juan Francisco Gatell, Michele Pertusi, Sara Mingardo, Jos\u00e9 Van Dam, Sonia Ganassi, Mariangela Sicilia, Riccardo Zanellato, Nicola Ulivieri e Roberta Mantegna; e registi come Pier Luigi Samaritani, Terry Gilliam, Renzo Giacchieri, Jean-Louis Grinda, Emilio Sagi, Giorgio Barberio Corsetti, Valentina Carrasco e Yannis Kokkos.<\/p>\n<p><a href=\"https:\/\/www.volf.fr\/wp-content\/uploads\/2024\/10\/pappano-2.jpeg\"><img decoding=\"async\" class=\"alignright wp-image-10306\" src=\"https:\/\/www.volf.fr\/wp-content\/uploads\/2024\/10\/pappano-2.jpeg\" alt=\"pappano 2\" width=\"200\" height=\"250\" srcset=\"https:\/\/www.volf.fr\/wp-content\/uploads\/2024\/10\/pappano-2.jpeg 1536w, https:\/\/www.volf.fr\/wp-content\/uploads\/2024\/10\/pappano-2-240x300.jpeg 240w, https:\/\/www.volf.fr\/wp-content\/uploads\/2024\/10\/pappano-2-768x960.jpeg 768w, https:\/\/www.volf.fr\/wp-content\/uploads\/2024\/10\/pappano-2-824x1030.jpeg 824w, https:\/\/www.volf.fr\/wp-content\/uploads\/2024\/10\/pappano-2-1229x1536.jpeg 1229w, https:\/\/www.volf.fr\/wp-content\/uploads\/2024\/10\/pappano-2-10x12.jpeg 10w, https:\/\/www.volf.fr\/wp-content\/uploads\/2024\/10\/pappano-2-600x750.jpeg 600w\" sizes=\"(max-width: 200px) 100vw, 200px\" \/><\/a><\/p>\n<p>Oltre a collaborare con singoli teatri, segue tutto l'anno la preparazione di cantanti impegnati in produzioni operistiche internazionali e conduce masterclass, oltre a corsi di dizione cantata, sia in presenza che a distanza.<\/p>\n<p><a href=\"https:\/\/www.volf.fr\/wp-content\/uploads\/2024\/10\/oropresa.jpg\"><img loading=\"lazy\" decoding=\"async\" class=\"alignleft wp-image-10179\" src=\"https:\/\/www.volf.fr\/wp-content\/uploads\/2024\/10\/oropresa.jpg\" alt=\"oropresa\" width=\"200\" height=\"167\" srcset=\"https:\/\/www.volf.fr\/wp-content\/uploads\/2024\/10\/oropresa.jpg 1609w, https:\/\/www.volf.fr\/wp-content\/uploads\/2024\/10\/oropresa-300x251.jpg 300w, https:\/\/www.volf.fr\/wp-content\/uploads\/2024\/10\/oropresa-768x642.jpg 768w, https:\/\/www.volf.fr\/wp-content\/uploads\/2024\/10\/oropresa-1030x861.jpg 1030w, https:\/\/www.volf.fr\/wp-content\/uploads\/2024\/10\/oropresa-1536x1284.jpg 1536w, https:\/\/www.volf.fr\/wp-content\/uploads\/2024\/10\/oropresa-14x12.jpg 14w, https:\/\/www.volf.fr\/wp-content\/uploads\/2024\/10\/oropresa-600x502.jpg 600w\" sizes=\"(max-width: 200px) 100vw, 200px\" \/><\/a><\/p>\n<p>Nata a Parigi, A\u00efmata Guillain ha cantato per oltre 25 anni in cori da camera, sinfonici e operistici, collaborando con diverse formazioni, tra cui il Coro del Cremlino, il Coro Lirico Italiano e il Coro della Radio Svizzera Italiana. Si \u00e8 laureata in filosofia e in logica matematica presso la Sorbona di Parigi, prima di approfondire lo studio del canto con il Maestro Jean-Pierre Blivet. Successivamente, ha conseguito una laurea in scienze del linguaggio presso l'Universit\u00e0 Stendhal di Grenoble, con una tesi dedicata alla pronuncia del francese cantato.<\/p>\n<p><a href=\"https:\/\/www.volf.fr\/wp-content\/uploads\/2020\/06\/op6.jpg\"><img loading=\"lazy\" decoding=\"async\" class=\"alignright wp-image-6366\" src=\"https:\/\/www.volf.fr\/wp-content\/uploads\/2020\/06\/op6.jpg\" alt=\"op6\" width=\"200\" height=\"298\" srcset=\"https:\/\/www.volf.fr\/wp-content\/uploads\/2020\/06\/op6.jpg 1374w, https:\/\/www.volf.fr\/wp-content\/uploads\/2020\/06\/op6-8x12.jpg 8w, https:\/\/www.volf.fr\/wp-content\/uploads\/2020\/06\/op6-201x300.jpg 201w, https:\/\/www.volf.fr\/wp-content\/uploads\/2020\/06\/op6-768x1145.jpg 768w, https:\/\/www.volf.fr\/wp-content\/uploads\/2020\/06\/op6-691x1030.jpg 691w, https:\/\/www.volf.fr\/wp-content\/uploads\/2020\/06\/op6-1031x1536.jpg 1031w, https:\/\/www.volf.fr\/wp-content\/uploads\/2020\/06\/op6-600x894.jpg 600w\" sizes=\"(max-width: 200px) 100vw, 200px\" \/><\/a>Ha insegnato francese come lingua straniera presso l'Institut Fran\u00e7ais dell\u2019Ambasciata di Francia a Roma dal 2002 al 2020, dove ha tenuto i corsi di fonetica, fatto parte della commissione d\u2019esame per i diplomi internazionali di lingua francese DELF-DALF e condotto numerosi corsi di preparazione a queste certificazioni.<\/p>\n<p><a href=\"https:\/\/www.volf.fr\/wp-content\/uploads\/2024\/10\/domingo.jpeg\"><img loading=\"lazy\" decoding=\"async\" class=\"alignleft wp-image-10190\" src=\"https:\/\/www.volf.fr\/wp-content\/uploads\/2024\/10\/domingo.jpeg\" alt=\"domingo\" width=\"200\" height=\"150\" srcset=\"https:\/\/www.volf.fr\/wp-content\/uploads\/2024\/10\/domingo.jpeg 529w, https:\/\/www.volf.fr\/wp-content\/uploads\/2024\/10\/domingo-300x225.jpeg 300w, https:\/\/www.volf.fr\/wp-content\/uploads\/2024\/10\/domingo-16x12.jpeg 16w\" sizes=\"(max-width: 200px) 100vw, 200px\" \/><\/a>A\u00efmata Guillain ha anche ideato e organizzato diverse iniziative culturali per promuovere la lingua e la cultura francese, tra cui: le Meraviglie di Francia a Roma, i Viaggi in Lingua Francese con l\u2019Op\u00e9ra de Paris, e il Club di lettura dell\u2019Institut Fran\u00e7ais.<\/p>\t\t\t\t\t\t\t\t<\/div>\n\t\t\t\t<\/div>\n\t\t\t\t<div class=\"elementor-element elementor-element-f04fa3a elementor-widget elementor-widget-spacer\" data-id=\"f04fa3a\" data-element_type=\"widget\" data-widget_type=\"spacer.default\">\n\t\t\t\t<div class=\"elementor-widget-container\">\n\t\t\t\t\t\t\t<div class=\"elementor-spacer\">\n\t\t\t<div class=\"elementor-spacer-inner\"><\/div>\n\t\t<\/div>\n\t\t\t\t\t\t<\/div>\n\t\t\t\t<\/div>\n\t\t\t\t\t<\/div>\n\t\t<\/div>\n\t\t\t\t\t<\/div>\n\t\t<\/section>\n\t\t\t\t<section class=\"elementor-section elementor-top-section elementor-element elementor-element-e535b4a elementor-section-boxed elementor-section-height-default elementor-section-height-default wpr-particle-no wpr-jarallax-no wpr-parallax-no wpr-sticky-section-no\" data-id=\"e535b4a\" data-element_type=\"section\" data-settings=\"{&quot;_ha_eqh_enable&quot;:false}\">\n\t\t\t\t\t\t<div class=\"elementor-container elementor-column-gap-default\">\n\t\t\t\t\t<div class=\"elementor-column elementor-col-100 elementor-top-column elementor-element elementor-element-7552f51\" data-id=\"7552f51\" data-element_type=\"column\">\n\t\t\t<div class=\"elementor-widget-wrap elementor-element-populated\">\n\t\t\t\t\t\t<div class=\"elementor-element elementor-element-29756f8 elementor-arrows-position-inside elementor-widget elementor-widget-image-carousel\" data-id=\"29756f8\" data-element_type=\"widget\" data-settings=\"{&quot;slides_to_show&quot;:&quot;3&quot;,&quot;navigation&quot;:&quot;arrows&quot;,&quot;autoplay&quot;:&quot;yes&quot;,&quot;pause_on_hover&quot;:&quot;yes&quot;,&quot;pause_on_interaction&quot;:&quot;yes&quot;,&quot;autoplay_speed&quot;:5000,&quot;infinite&quot;:&quot;yes&quot;,&quot;speed&quot;:500}\" data-widget_type=\"image-carousel.default\">\n\t\t\t\t<div class=\"elementor-widget-container\">\n\t\t\t\t\t\t\t<div class=\"elementor-image-carousel-wrapper swiper\" role=\"region\" aria-roledescription=\"carousel\" aria-label=\"Carrousel d\u2019images\" dir=\"ltr\">\n\t\t\t<div class=\"elementor-image-carousel swiper-wrapper\" aria-live=\"off\">\n\t\t\t\t\t\t\t\t<div class=\"swiper-slide\" role=\"group\" aria-roledescription=\"slide\" aria-label=\"1 sur 49\"><figure class=\"swiper-slide-inner\"><img decoding=\"async\" class=\"swiper-slide-image\" src=\"https:\/\/www.volf.fr\/wp-content\/uploads\/2020\/06\/op20-2-300x300.jpg\" alt=\"Fra Diavolo\" \/><figcaption class=\"elementor-image-carousel-caption\">Fra Diavolo<\/figcaption><\/figure><\/div><div class=\"swiper-slide\" role=\"group\" aria-roledescription=\"slide\" aria-label=\"2 sur 49\"><figure class=\"swiper-slide-inner\"><img decoding=\"async\" class=\"swiper-slide-image\" src=\"https:\/\/www.volf.fr\/wp-content\/uploads\/2020\/06\/aleida3-scaled-300x300.jpg\" alt=\"Maria Aleida\" \/><figcaption class=\"elementor-image-carousel-caption\">Maria Aleida<\/figcaption><\/figure><\/div><div class=\"swiper-slide\" role=\"group\" aria-roledescription=\"slide\" aria-label=\"3 sur 49\"><figure class=\"swiper-slide-inner\"><img decoding=\"async\" class=\"swiper-slide-image\" src=\"https:\/\/www.volf.fr\/wp-content\/uploads\/2024\/10\/fra-diavolo1-300x300.jpg\" alt=\"Teatro dell&#039;Opera di Roma\" \/><figcaption class=\"elementor-image-carousel-caption\">Teatro dell'Opera di Roma<\/figcaption><\/figure><\/div><div class=\"swiper-slide\" role=\"group\" aria-roledescription=\"slide\" aria-label=\"4 sur 49\"><figure class=\"swiper-slide-inner\"><img decoding=\"async\" class=\"swiper-slide-image\" src=\"https:\/\/www.volf.fr\/wp-content\/uploads\/2024\/10\/alaimo-300x300.jpeg\" alt=\"Nicola Alaimo\" \/><figcaption class=\"elementor-image-carousel-caption\">Nicola Alaimo<\/figcaption><\/figure><\/div><div class=\"swiper-slide\" role=\"group\" aria-roledescription=\"slide\" aria-label=\"5 sur 49\"><figure class=\"swiper-slide-inner\"><img decoding=\"async\" class=\"swiper-slide-image\" src=\"https:\/\/www.volf.fr\/wp-content\/uploads\/2020\/06\/op32-2-300x300.jpg\" alt=\"Marco Spotti, Alessandro Luongo\" \/><figcaption class=\"elementor-image-carousel-caption\">Marco Spotti, Alessandro Luongo<\/figcaption><\/figure><\/div><div class=\"swiper-slide\" role=\"group\" aria-roledescription=\"slide\" aria-label=\"6 sur 49\"><figure class=\"swiper-slide-inner\"><img decoding=\"async\" class=\"swiper-slide-image\" src=\"https:\/\/www.volf.fr\/wp-content\/uploads\/2020\/06\/frontali-2-300x300.jpg\" alt=\"Roberto Frontali\" \/><figcaption class=\"elementor-image-carousel-caption\">Roberto Frontali<\/figcaption><\/figure><\/div><div class=\"swiper-slide\" role=\"group\" aria-roledescription=\"slide\" aria-label=\"7 sur 49\"><figure class=\"swiper-slide-inner\"><img decoding=\"async\" class=\"swiper-slide-image\" src=\"https:\/\/www.volf.fr\/wp-content\/uploads\/2024\/10\/eleonora-buratto-300x300.jpeg\" alt=\"Eleonora Buratto, Andrea Obisio\" \/><figcaption class=\"elementor-image-carousel-caption\">Eleonora Buratto, Andrea Obisio<\/figcaption><\/figure><\/div><div class=\"swiper-slide\" role=\"group\" aria-roledescription=\"slide\" aria-label=\"8 sur 49\"><figure class=\"swiper-slide-inner\"><img decoding=\"async\" class=\"swiper-slide-image\" src=\"https:\/\/www.volf.fr\/wp-content\/uploads\/2020\/06\/zan-300x300.jpg\" alt=\"Riccardo Zanellato, Carlo Cigni\" \/><figcaption class=\"elementor-image-carousel-caption\">Riccardo Zanellato, Carlo Cigni<\/figcaption><\/figure><\/div><div class=\"swiper-slide\" role=\"group\" aria-roledescription=\"slide\" aria-label=\"9 sur 49\"><figure class=\"swiper-slide-inner\"><img decoding=\"async\" class=\"swiper-slide-image\" src=\"https:\/\/www.volf.fr\/wp-content\/uploads\/2024\/10\/opera3-300x300.jpg\" alt=\"Teatro dell&#039;Opera di Roma\" \/><figcaption class=\"elementor-image-carousel-caption\">Teatro dell'Opera di Roma<\/figcaption><\/figure><\/div><div class=\"swiper-slide\" role=\"group\" aria-roledescription=\"slide\" aria-label=\"10 sur 49\"><figure class=\"swiper-slide-inner\"><img decoding=\"async\" class=\"swiper-slide-image\" src=\"https:\/\/www.volf.fr\/wp-content\/uploads\/2020\/06\/op33.jpg\" alt=\"El\u012bna Garan\u010da\" \/><figcaption class=\"elementor-image-carousel-caption\">El\u012bna Garan\u010da<\/figcaption><\/figure><\/div><div class=\"swiper-slide\" role=\"group\" aria-roledescription=\"slide\" aria-label=\"11 sur 49\"><figure class=\"swiper-slide-inner\"><img decoding=\"async\" class=\"swiper-slide-image\" src=\"https:\/\/www.volf.fr\/wp-content\/uploads\/2020\/06\/op34-2-300x300.jpg\" alt=\"Sim\u00f3n Orfila\" \/><figcaption class=\"elementor-image-carousel-caption\">Sim\u00f3n Orfila<\/figcaption><\/figure><\/div><div class=\"swiper-slide\" role=\"group\" aria-roledescription=\"slide\" aria-label=\"12 sur 49\"><figure class=\"swiper-slide-inner\"><img decoding=\"async\" class=\"swiper-slide-image\" src=\"https:\/\/www.volf.fr\/wp-content\/uploads\/2024\/10\/abbado-severi-cellini-300x300.jpeg\" alt=\"Andrea Severi, Roberto Abbado\" \/><figcaption class=\"elementor-image-carousel-caption\">Andrea Severi, Roberto Abbado<\/figcaption><\/figure><\/div><div class=\"swiper-slide\" role=\"group\" aria-roledescription=\"slide\" aria-label=\"13 sur 49\"><figure class=\"swiper-slide-inner\"><img decoding=\"async\" class=\"swiper-slide-image\" src=\"https:\/\/www.volf.fr\/wp-content\/uploads\/2024\/10\/op42-2-300x300.jpeg\" alt=\"Mo\u00efse et Pharaon\" \/><figcaption class=\"elementor-image-carousel-caption\">Mo\u00efse et Pharaon<\/figcaption><\/figure><\/div><div class=\"swiper-slide\" role=\"group\" aria-roledescription=\"slide\" aria-label=\"14 sur 49\"><figure class=\"swiper-slide-inner\"><img decoding=\"async\" class=\"swiper-slide-image\" src=\"https:\/\/www.volf.fr\/wp-content\/uploads\/2024\/10\/ildar-300x300.jpeg\" alt=\"Ildar Abdrazakov\" \/><figcaption class=\"elementor-image-carousel-caption\">Ildar Abdrazakov<\/figcaption><\/figure><\/div><div class=\"swiper-slide\" role=\"group\" aria-roledescription=\"slide\" aria-label=\"15 sur 49\"><figure class=\"swiper-slide-inner\"><img decoding=\"async\" class=\"swiper-slide-image\" src=\"https:\/\/www.volf.fr\/wp-content\/uploads\/2020\/06\/op41-2-300x300.jpg\" alt=\"Sonia Ganassi\" \/><figcaption class=\"elementor-image-carousel-caption\">Sonia Ganassi<\/figcaption><\/figure><\/div><div class=\"swiper-slide\" role=\"group\" aria-roledescription=\"slide\" aria-label=\"16 sur 49\"><figure class=\"swiper-slide-inner\"><img decoding=\"async\" class=\"swiper-slide-image\" src=\"https:\/\/www.volf.fr\/wp-content\/uploads\/2024\/10\/wiener-staatsoper-300x300.jpeg\" alt=\"Wiener Staatsoper\" \/><figcaption class=\"elementor-image-carousel-caption\">Wiener Staatsoper<\/figcaption><\/figure><\/div><div class=\"swiper-slide\" role=\"group\" aria-roledescription=\"slide\" aria-label=\"17 sur 49\"><figure class=\"swiper-slide-inner\"><img decoding=\"async\" class=\"swiper-slide-image\" src=\"https:\/\/www.volf.fr\/wp-content\/uploads\/2020\/06\/luongo2-1-300x300.png\" alt=\"Alessandro Luongo\" \/><figcaption class=\"elementor-image-carousel-caption\">Alessandro Luongo<\/figcaption><\/figure><\/div><div class=\"swiper-slide\" role=\"group\" aria-roledescription=\"slide\" aria-label=\"18 sur 49\"><figure class=\"swiper-slide-inner\"><img decoding=\"async\" class=\"swiper-slide-image\" src=\"https:\/\/www.volf.fr\/wp-content\/uploads\/2020\/06\/john3-300x300.png\" alt=\"John Osborn, Mariangela Sicilia\" \/><figcaption class=\"elementor-image-carousel-caption\">John Osborn, Mariangela Sicilia<\/figcaption><\/figure><\/div><div class=\"swiper-slide\" role=\"group\" aria-roledescription=\"slide\" aria-label=\"19 sur 49\"><figure class=\"swiper-slide-inner\"><img decoding=\"async\" class=\"swiper-slide-image\" src=\"https:\/\/www.volf.fr\/wp-content\/uploads\/2020\/06\/op48.jpg\" alt=\"Roberta Mantegna\" \/><figcaption class=\"elementor-image-carousel-caption\">Roberta Mantegna<\/figcaption><\/figure><\/div><div class=\"swiper-slide\" role=\"group\" aria-roledescription=\"slide\" aria-label=\"20 sur 49\"><figure class=\"swiper-slide-inner\"><img decoding=\"async\" class=\"swiper-slide-image\" src=\"https:\/\/www.volf.fr\/wp-content\/uploads\/2020\/06\/op28-300x300.jpg\" alt=\"Benvenuto Cellini\" \/><figcaption class=\"elementor-image-carousel-caption\">Benvenuto Cellini<\/figcaption><\/figure><\/div><div class=\"swiper-slide\" role=\"group\" aria-roledescription=\"slide\" aria-label=\"21 sur 49\"><figure class=\"swiper-slide-inner\"><img decoding=\"async\" class=\"swiper-slide-image\" src=\"https:\/\/www.volf.fr\/wp-content\/uploads\/2020\/06\/op26-300x300.jpg\" alt=\"Erika Grimaldi, Michele Pertusi\" \/><figcaption class=\"elementor-image-carousel-caption\">Erika Grimaldi, Michele Pertusi<\/figcaption><\/figure><\/div><div class=\"swiper-slide\" role=\"group\" aria-roledescription=\"slide\" aria-label=\"22 sur 49\"><figure class=\"swiper-slide-inner\"><img decoding=\"async\" class=\"swiper-slide-image\" src=\"https:\/\/www.volf.fr\/wp-content\/uploads\/2020\/06\/bcn-300x300.png\" alt=\"Liceu, Barcelona\" \/><figcaption class=\"elementor-image-carousel-caption\">Liceu, Barcelona<\/figcaption><\/figure><\/div><div class=\"swiper-slide\" role=\"group\" aria-roledescription=\"slide\" aria-label=\"23 sur 49\"><figure class=\"swiper-slide-inner\"><img decoding=\"async\" class=\"swiper-slide-image\" src=\"https:\/\/www.volf.fr\/wp-content\/uploads\/2024\/10\/op47-300x300.jpeg\" alt=\"Mariangela Sicilia\" \/><figcaption class=\"elementor-image-carousel-caption\">Mariangela Sicilia<\/figcaption><\/figure><\/div><div class=\"swiper-slide\" role=\"group\" aria-roledescription=\"slide\" aria-label=\"24 sur 49\"><figure class=\"swiper-slide-inner\"><img decoding=\"async\" class=\"swiper-slide-image\" src=\"https:\/\/www.volf.fr\/wp-content\/uploads\/2024\/10\/op16-300x300.jpeg\" alt=\"Veronica Simeoni\" \/><figcaption class=\"elementor-image-carousel-caption\">Veronica Simeoni<\/figcaption><\/figure><\/div><div class=\"swiper-slide\" role=\"group\" aria-roledescription=\"slide\" aria-label=\"25 sur 49\"><figure class=\"swiper-slide-inner\"><img decoding=\"async\" class=\"swiper-slide-image\" src=\"https:\/\/www.volf.fr\/wp-content\/uploads\/2020\/06\/op24-300x300.jpg\" alt=\"Enrico Iviglia\" \/><figcaption class=\"elementor-image-carousel-caption\">Enrico Iviglia<\/figcaption><\/figure><\/div><div class=\"swiper-slide\" role=\"group\" aria-roledescription=\"slide\" aria-label=\"26 sur 49\"><figure class=\"swiper-slide-inner\"><img decoding=\"async\" class=\"swiper-slide-image\" src=\"https:\/\/www.volf.fr\/wp-content\/uploads\/2024\/10\/op36-300x300.jpeg\" alt=\"nancy\" \/><figcaption class=\"elementor-image-carousel-caption\">Nancy Fabiola Herrera<\/figcaption><\/figure><\/div><div class=\"swiper-slide\" role=\"group\" aria-roledescription=\"slide\" aria-label=\"27 sur 49\"><figure class=\"swiper-slide-inner\"><img decoding=\"async\" class=\"swiper-slide-image\" src=\"https:\/\/www.volf.fr\/wp-content\/uploads\/2020\/06\/op21-300x300.jpg\" alt=\"Roberto de Candia\" \/><figcaption class=\"elementor-image-carousel-caption\">Roberto de Candia<\/figcaption><\/figure><\/div><div class=\"swiper-slide\" role=\"group\" aria-roledescription=\"slide\" aria-label=\"28 sur 49\"><figure class=\"swiper-slide-inner\"><img decoding=\"async\" class=\"swiper-slide-image\" src=\"https:\/\/www.volf.fr\/wp-content\/uploads\/2020\/06\/op25-300x300.jpg\" alt=\"Simone Del Savio, Juan Francisco Gatell\" \/><figcaption class=\"elementor-image-carousel-caption\">Simone Del Savio, Juan Francisco Gatell<\/figcaption><\/figure><\/div><div class=\"swiper-slide\" role=\"group\" aria-roledescription=\"slide\" aria-label=\"29 sur 49\"><figure class=\"swiper-slide-inner\"><img decoding=\"async\" class=\"swiper-slide-image\" src=\"https:\/\/www.volf.fr\/wp-content\/uploads\/2024\/10\/op8-300x300.jpg\" alt=\"Jean-Pierre Blivet\" \/><figcaption class=\"elementor-image-carousel-caption\">Jean-Pierre Blivet<\/figcaption><\/figure><\/div><div class=\"swiper-slide\" role=\"group\" aria-roledescription=\"slide\" aria-label=\"30 sur 49\"><figure class=\"swiper-slide-inner\"><img decoding=\"async\" class=\"swiper-slide-image\" src=\"https:\/\/www.volf.fr\/wp-content\/uploads\/2024\/10\/opera2-300x300.jpg\" alt=\"Teatro dell&#039;Opera di Roma\" \/><figcaption class=\"elementor-image-carousel-caption\">Teatro dell'Opera di Roma<\/figcaption><\/figure><\/div><div class=\"swiper-slide\" role=\"group\" aria-roledescription=\"slide\" aria-label=\"31 sur 49\"><figure class=\"swiper-slide-inner\"><img decoding=\"async\" class=\"swiper-slide-image\" src=\"https:\/\/www.volf.fr\/wp-content\/uploads\/2024\/10\/osborn-e-Ulivieri-300x300.jpeg\" alt=\"Nicola Ulivieri, John Osborn\" \/><figcaption class=\"elementor-image-carousel-caption\">Nicola Ulivieri, John Osborn<\/figcaption><\/figure><\/div><div class=\"swiper-slide\" role=\"group\" aria-roledescription=\"slide\" aria-label=\"32 sur 49\"><figure class=\"swiper-slide-inner\"><img decoding=\"async\" class=\"swiper-slide-image\" src=\"https:\/\/www.volf.fr\/wp-content\/uploads\/2024\/10\/cle\u0301mentine-M-300x300.jpeg\" alt=\"Cl\u00e9mentine Margaine\" \/><figcaption class=\"elementor-image-carousel-caption\">Cl\u00e9mentine Margaine<\/figcaption><\/figure><\/div><div class=\"swiper-slide\" role=\"group\" aria-roledescription=\"slide\" aria-label=\"33 sur 49\"><figure class=\"swiper-slide-inner\"><img decoding=\"async\" class=\"swiper-slide-image\" src=\"https:\/\/www.volf.fr\/wp-content\/uploads\/2020\/06\/op43-300x300.jpg\" alt=\"Riccardo Muti, Luca Dall&#039;Amico\" \/><figcaption class=\"elementor-image-carousel-caption\">Riccardo Muti, Luca Dall'Amico<\/figcaption><\/figure><\/div><div class=\"swiper-slide\" role=\"group\" aria-roledescription=\"slide\" aria-label=\"34 sur 49\"><figure class=\"swiper-slide-inner\"><img decoding=\"async\" class=\"swiper-slide-image\" src=\"https:\/\/www.volf.fr\/wp-content\/uploads\/2020\/06\/op44-300x300.jpg\" alt=\"Sara Allegretta, Alexey Tikhomirov, Milijana Nikoli\u0107\" \/><figcaption class=\"elementor-image-carousel-caption\">Sara Allegretta, Alexey Tikhomirov, Milijana Nikoli\u0107<\/figcaption><\/figure><\/div><div class=\"swiper-slide\" role=\"group\" aria-roledescription=\"slide\" aria-label=\"35 sur 49\"><figure class=\"swiper-slide-inner\"><img decoding=\"async\" class=\"swiper-slide-image\" src=\"https:\/\/www.volf.fr\/wp-content\/uploads\/2024\/10\/accademia-300x300.jpeg\" alt=\"Accademia di Santa Cecilia\" \/><figcaption class=\"elementor-image-carousel-caption\">Accademia di Santa Cecilia<\/figcaption><\/figure><\/div><div class=\"swiper-slide\" role=\"group\" aria-roledescription=\"slide\" aria-label=\"36 sur 49\"><figure class=\"swiper-slide-inner\"><img decoding=\"async\" class=\"swiper-slide-image\" src=\"https:\/\/www.volf.fr\/wp-content\/uploads\/2024\/10\/cellini-300x300.jpeg\" alt=\"Benvenuto Cellini\" \/><figcaption class=\"elementor-image-carousel-caption\">Benvenuto Cellini<\/figcaption><\/figure><\/div><div class=\"swiper-slide\" role=\"group\" aria-roledescription=\"slide\" aria-label=\"37 sur 49\"><figure class=\"swiper-slide-inner\"><img decoding=\"async\" class=\"swiper-slide-image\" src=\"https:\/\/www.volf.fr\/wp-content\/uploads\/2024\/10\/gatti-300x300.jpeg\" alt=\"Mariangela Sicilia, Daniele Gatti\" \/><figcaption class=\"elementor-image-carousel-caption\">Mariangela Sicilia, Daniele Gatti<\/figcaption><\/figure><\/div><div class=\"swiper-slide\" role=\"group\" aria-roledescription=\"slide\" aria-label=\"38 sur 49\"><figure class=\"swiper-slide-inner\"><img decoding=\"async\" class=\"swiper-slide-image\" src=\"https:\/\/www.volf.fr\/wp-content\/uploads\/2024\/10\/alex-300x300.jpeg\" alt=\"Alex Esposito\" \/><figcaption class=\"elementor-image-carousel-caption\">Alex Esposito<\/figcaption><\/figure><\/div><div class=\"swiper-slide\" role=\"group\" aria-roledescription=\"slide\" aria-label=\"39 sur 49\"><figure class=\"swiper-slide-inner\"><img decoding=\"async\" class=\"swiper-slide-image\" src=\"https:\/\/www.volf.fr\/wp-content\/uploads\/2024\/10\/simon-300x300.jpeg\" alt=\"Sim\u00f3n Orfila\" \/><figcaption class=\"elementor-image-carousel-caption\">Sim\u00f3n Orfila<\/figcaption><\/figure><\/div><div class=\"swiper-slide\" role=\"group\" aria-roledescription=\"slide\" aria-label=\"40 sur 49\"><figure class=\"swiper-slide-inner\"><img decoding=\"async\" class=\"swiper-slide-image\" src=\"https:\/\/www.volf.fr\/wp-content\/uploads\/2024\/10\/op15-300x300.jpeg\" alt=\"Riccardo Zanellato\" \/><figcaption class=\"elementor-image-carousel-caption\">Riccardo Zanellato<\/figcaption><\/figure><\/div><div class=\"swiper-slide\" role=\"group\" aria-roledescription=\"slide\" aria-label=\"41 sur 49\"><figure class=\"swiper-slide-inner\"><img decoding=\"async\" class=\"swiper-slide-image\" src=\"https:\/\/www.volf.fr\/wp-content\/uploads\/2024\/10\/op4-2-300x300.jpeg\" alt=\"John Osborn, Lynette Tapia\" \/><figcaption class=\"elementor-image-carousel-caption\">John Osborn, Lynette Tapia<\/figcaption><\/figure><\/div><div class=\"swiper-slide\" role=\"group\" aria-roledescription=\"slide\" aria-label=\"42 sur 49\"><figure class=\"swiper-slide-inner\"><img decoding=\"async\" class=\"swiper-slide-image\" src=\"https:\/\/www.volf.fr\/wp-content\/uploads\/2020\/06\/muti-300x300.jpg\" alt=\"Riccardo Muti\" \/><figcaption class=\"elementor-image-carousel-caption\">Riccardo Muti<\/figcaption><\/figure><\/div><div class=\"swiper-slide\" role=\"group\" aria-roledescription=\"slide\" aria-label=\"43 sur 49\"><figure class=\"swiper-slide-inner\"><img decoding=\"async\" class=\"swiper-slide-image\" src=\"https:\/\/www.volf.fr\/wp-content\/uploads\/2024\/10\/pappano-300x300.jpg\" alt=\"Antonio Pappano\" \/><figcaption class=\"elementor-image-carousel-caption\">Antonio Pappano<\/figcaption><\/figure><\/div><div class=\"swiper-slide\" role=\"group\" aria-roledescription=\"slide\" aria-label=\"44 sur 49\"><figure class=\"swiper-slide-inner\"><img decoding=\"async\" class=\"swiper-slide-image\" src=\"https:\/\/www.volf.fr\/wp-content\/uploads\/2024\/10\/oropresa-300x300.jpg\" alt=\"L. Oropresa, J. Osborn\" \/><figcaption class=\"elementor-image-carousel-caption\">L. Oropresa, J. Osborn<\/figcaption><\/figure><\/div><div class=\"swiper-slide\" role=\"group\" aria-roledescription=\"slide\" aria-label=\"45 sur 49\"><figure class=\"swiper-slide-inner\"><img decoding=\"async\" class=\"swiper-slide-image\" src=\"https:\/\/www.volf.fr\/wp-content\/uploads\/2024\/10\/domingo-300x300.jpeg\" alt=\"Placido Domingo\" \/><figcaption class=\"elementor-image-carousel-caption\">Placido Domingo<\/figcaption><\/figure><\/div><div class=\"swiper-slide\" role=\"group\" aria-roledescription=\"slide\" aria-label=\"46 sur 49\"><figure class=\"swiper-slide-inner\"><img decoding=\"async\" class=\"swiper-slide-image\" src=\"https:\/\/www.volf.fr\/wp-content\/uploads\/2024\/10\/Mantegna-ok-2-300x300.jpeg\" alt=\"Roberta Mantegna\" \/><figcaption class=\"elementor-image-carousel-caption\">Roberta Mantegna<\/figcaption><\/figure><\/div><div class=\"swiper-slide\" role=\"group\" aria-roledescription=\"slide\" aria-label=\"47 sur 49\"><figure class=\"swiper-slide-inner\"><img decoding=\"async\" class=\"swiper-slide-image\" src=\"https:\/\/www.volf.fr\/wp-content\/uploads\/2024\/10\/cellini3-300x300.jpeg\" alt=\"Benvenuto Cellini, Roma\" \/><figcaption class=\"elementor-image-carousel-caption\">Benvenuto Cellini, Roma<\/figcaption><\/figure><\/div><div class=\"swiper-slide\" role=\"group\" aria-roledescription=\"slide\" aria-label=\"48 sur 49\"><figure class=\"swiper-slide-inner\"><img decoding=\"async\" class=\"swiper-slide-image\" src=\"https:\/\/www.volf.fr\/wp-content\/uploads\/2024\/10\/pertusi-300x300.jpeg\" alt=\"Michele Pertusi\" \/><figcaption class=\"elementor-image-carousel-caption\">Michele Pertusi<\/figcaption><\/figure><\/div><div class=\"swiper-slide\" role=\"group\" aria-roledescription=\"slide\" aria-label=\"49 sur 49\"><figure class=\"swiper-slide-inner\"><img decoding=\"async\" class=\"swiper-slide-image\" src=\"https:\/\/www.volf.fr\/wp-content\/uploads\/2024\/10\/mert-S-300x300.jpeg\" alt=\"Saimir Pirgu\" \/><figcaption class=\"elementor-image-carousel-caption\">Saimir Pirgu<\/figcaption><\/figure><\/div>\t\t\t<\/div>\n\t\t\t\t\t\t\t\t\t\t\t\t<div class=\"elementor-swiper-button elementor-swiper-button-prev\" role=\"button\" tabindex=\"0\">\n\t\t\t\t\t\t<i aria-hidden=\"true\" class=\"eicon-chevron-left\"><\/i>\t\t\t\t\t<\/div>\n\t\t\t\t\t<div class=\"elementor-swiper-button elementor-swiper-button-next\" role=\"button\" tabindex=\"0\">\n\t\t\t\t\t\t<i aria-hidden=\"true\" class=\"eicon-chevron-right\"><\/i>\t\t\t\t\t<\/div>\n\t\t\t\t\n\t\t\t\t\t\t\t\t\t<\/div>\n\t\t\t\t\t\t<\/div>\n\t\t\t\t<\/div>\n\t\t\t\t<div class=\"elementor-element elementor-element-f146dc4 elementor-widget elementor-widget-spacer\" data-id=\"f146dc4\" data-element_type=\"widget\" data-widget_type=\"spacer.default\">\n\t\t\t\t<div class=\"elementor-widget-container\">\n\t\t\t\t\t\t\t<div class=\"elementor-spacer\">\n\t\t\t<div class=\"elementor-spacer-inner\"><\/div>\n\t\t<\/div>\n\t\t\t\t\t\t<\/div>\n\t\t\t\t<\/div>\n\t\t\t\t\t<\/div>\n\t\t<\/div>\n\t\t\t\t\t<\/div>\n\t\t<\/section>\n\t\t\t\t<section class=\"elementor-section elementor-top-section elementor-element elementor-element-e5da72c elementor-section-boxed elementor-section-height-default elementor-section-height-default wpr-particle-no wpr-jarallax-no wpr-parallax-no wpr-sticky-section-no\" data-id=\"e5da72c\" data-element_type=\"section\" data-settings=\"{&quot;_ha_eqh_enable&quot;:false}\">\n\t\t\t\t\t\t<div class=\"elementor-container elementor-column-gap-default\">\n\t\t\t\t\t<div class=\"elementor-column elementor-col-100 elementor-top-column elementor-element elementor-element-880fbc4\" data-id=\"880fbc4\" data-element_type=\"column\">\n\t\t\t<div class=\"elementor-widget-wrap elementor-element-populated\">\n\t\t\t\t\t\t<div class=\"elementor-element elementor-element-26bf83f elementor-widget elementor-widget-heading\" data-id=\"26bf83f\" data-element_type=\"widget\" data-widget_type=\"heading.default\">\n\t\t\t\t<div class=\"elementor-widget-container\">\n\t\t\t\t\t<h3 class=\"elementor-heading-title elementor-size-default\">Masterclass di dizione francese<\/h3>\t\t\t\t<\/div>\n\t\t\t\t<\/div>\n\t\t\t\t\t<\/div>\n\t\t<\/div>\n\t\t\t\t\t<\/div>\n\t\t<\/section>\n\t\t\t\t<section class=\"elementor-section elementor-top-section elementor-element elementor-element-02798a0 elementor-section-boxed elementor-section-height-default elementor-section-height-default wpr-particle-no wpr-jarallax-no wpr-parallax-no wpr-sticky-section-no\" data-id=\"02798a0\" data-element_type=\"section\" data-settings=\"{&quot;_ha_eqh_enable&quot;:false}\">\n\t\t\t\t\t\t<div class=\"elementor-container elementor-column-gap-default\">\n\t\t\t\t\t<div class=\"elementor-column elementor-col-100 elementor-top-column elementor-element elementor-element-22e87e8\" data-id=\"22e87e8\" data-element_type=\"column\">\n\t\t\t<div class=\"elementor-widget-wrap elementor-element-populated\">\n\t\t\t\t\t\t<div class=\"elementor-element elementor-element-472d49a elementor-widget elementor-widget-text-editor\" data-id=\"472d49a\" data-element_type=\"widget\" data-widget_type=\"text-editor.default\">\n\t\t\t\t<div class=\"elementor-widget-container\">\n\t\t\t\t\t\t\t\t\t<p style=\"text-align: center;\"><a href=\"https:\/\/www.volf.fr\/it\/dizione-2\/\">Pr\u00e9sentation d&rsquo;une Masterclass de diction fran\u00e7aise pour les chanteurs &gt; Cliquer ici <\/a><\/p>\t\t\t\t\t\t\t\t<\/div>\n\t\t\t\t<\/div>\n\t\t\t\t<div class=\"elementor-element elementor-element-c8e12d5 elementor-arrows-position-inside elementor-pagination-position-outside elementor-widget elementor-widget-image-carousel\" data-id=\"c8e12d5\" data-element_type=\"widget\" data-settings=\"{&quot;navigation&quot;:&quot;both&quot;,&quot;autoplay&quot;:&quot;yes&quot;,&quot;pause_on_hover&quot;:&quot;yes&quot;,&quot;pause_on_interaction&quot;:&quot;yes&quot;,&quot;autoplay_speed&quot;:5000,&quot;infinite&quot;:&quot;yes&quot;,&quot;speed&quot;:500}\" data-widget_type=\"image-carousel.default\">\n\t\t\t\t<div class=\"elementor-widget-container\">\n\t\t\t\t\t\t\t<div class=\"elementor-image-carousel-wrapper swiper\" role=\"region\" aria-roledescription=\"carousel\" aria-label=\"Carrousel d\u2019images\" dir=\"ltr\">\n\t\t\t<div class=\"elementor-image-carousel swiper-wrapper\" aria-live=\"off\">\n\t\t\t\t\t\t\t\t<div class=\"swiper-slide\" role=\"group\" aria-roledescription=\"slide\" aria-label=\"1 sur 5\"><figure class=\"swiper-slide-inner\"><img decoding=\"async\" class=\"swiper-slide-image\" src=\"https:\/\/www.volf.fr\/wp-content\/uploads\/2024\/10\/diction-300x300.jpg\" alt=\"Otello Visconti, Fabio Capitanucci\" \/><figcaption class=\"elementor-image-carousel-caption\">Otello Visconti, Fabio Capitanucci<\/figcaption><\/figure><\/div><div class=\"swiper-slide\" role=\"group\" aria-roledescription=\"slide\" aria-label=\"2 sur 5\"><figure class=\"swiper-slide-inner\"><img decoding=\"async\" class=\"swiper-slide-image\" src=\"https:\/\/www.volf.fr\/wp-content\/uploads\/2024\/10\/enseignement-locarno-300x300.jpeg\" alt=\"Collegio Papio Ascona\" \/><figcaption class=\"elementor-image-carousel-caption\">Collegio Papio Ascona<\/figcaption><\/figure><\/div><div class=\"swiper-slide\" role=\"group\" aria-roledescription=\"slide\" aria-label=\"3 sur 5\"><figure class=\"swiper-slide-inner\"><img decoding=\"async\" class=\"swiper-slide-image\" src=\"https:\/\/www.volf.fr\/wp-content\/uploads\/2024\/10\/masterclass2-300x300.jpg\" alt=\"Masterclass Ascona Monte Verit\u00e0\" \/><figcaption class=\"elementor-image-carousel-caption\">Masterclass Ascona Monte Verit\u00e0<\/figcaption><\/figure><\/div><div class=\"swiper-slide\" role=\"group\" aria-roledescription=\"slide\" aria-label=\"4 sur 5\"><figure class=\"swiper-slide-inner\"><img decoding=\"async\" class=\"swiper-slide-image\" src=\"https:\/\/www.volf.fr\/wp-content\/uploads\/2024\/10\/classe1-sc-300x300.jpg\" alt=\"Conservatorio Santa Cecilia, Roma\" \/><figcaption class=\"elementor-image-carousel-caption\">Conservatorio Santa Cecilia, Roma<\/figcaption><\/figure><\/div><div class=\"swiper-slide\" role=\"group\" aria-roledescription=\"slide\" aria-label=\"5 sur 5\"><figure class=\"swiper-slide-inner\"><img decoding=\"async\" class=\"swiper-slide-image\" src=\"https:\/\/www.volf.fr\/wp-content\/uploads\/2024\/10\/amelia-felle-300x300.jpg\" alt=\"Conservatorio Santa Cecilia, Roma\" \/><figcaption class=\"elementor-image-carousel-caption\">Conservatorio Santa Cecilia, Roma<\/figcaption><\/figure><\/div>\t\t\t<\/div>\n\t\t\t\t\t\t\t\t\t\t\t\t<div class=\"elementor-swiper-button elementor-swiper-button-prev\" role=\"button\" tabindex=\"0\">\n\t\t\t\t\t\t<i aria-hidden=\"true\" class=\"eicon-chevron-left\"><\/i>\t\t\t\t\t<\/div>\n\t\t\t\t\t<div class=\"elementor-swiper-button elementor-swiper-button-next\" role=\"button\" tabindex=\"0\">\n\t\t\t\t\t\t<i aria-hidden=\"true\" class=\"eicon-chevron-right\"><\/i>\t\t\t\t\t<\/div>\n\t\t\t\t\n\t\t\t\t\t\t\t\t\t<div class=\"swiper-pagination\"><\/div>\n\t\t\t\t\t\t\t\t\t<\/div>\n\t\t\t\t\t\t<\/div>\n\t\t\t\t<\/div>\n\t\t\t\t\t<\/div>\n\t\t<\/div>\n\t\t\t\t\t<\/div>\n\t\t<\/section>\n\t\t\t\t<section class=\"elementor-section elementor-top-section elementor-element elementor-element-7564667 elementor-section-boxed elementor-section-height-default elementor-section-height-default wpr-particle-no wpr-jarallax-no wpr-parallax-no wpr-sticky-section-no\" data-id=\"7564667\" data-element_type=\"section\" data-settings=\"{&quot;_ha_eqh_enable&quot;:false}\">\n\t\t\t\t\t\t<div class=\"elementor-container elementor-column-gap-default\">\n\t\t\t\t\t<div class=\"elementor-column elementor-col-100 elementor-top-column elementor-element elementor-element-455f977\" data-id=\"455f977\" data-element_type=\"column\">\n\t\t\t<div class=\"elementor-widget-wrap elementor-element-populated\">\n\t\t\t\t\t\t<div class=\"elementor-element elementor-element-2895876 elementor-widget elementor-widget-spacer\" data-id=\"2895876\" data-element_type=\"widget\" data-widget_type=\"spacer.default\">\n\t\t\t\t<div class=\"elementor-widget-container\">\n\t\t\t\t\t\t\t<div class=\"elementor-spacer\">\n\t\t\t<div class=\"elementor-spacer-inner\"><\/div>\n\t\t<\/div>\n\t\t\t\t\t\t<\/div>\n\t\t\t\t<\/div>\n\t\t\t\t<div class=\"elementor-element elementor-element-3a2c2ad elementor-widget elementor-widget-heading\" data-id=\"3a2c2ad\" data-element_type=\"widget\" data-widget_type=\"heading.default\">\n\t\t\t\t<div class=\"elementor-widget-container\">\n\t\t\t\t\t<h3 class=\"elementor-heading-title elementor-size-default\">Esperienza didattica del francese come lingua straniera<\/h3>\t\t\t\t<\/div>\n\t\t\t\t<\/div>\n\t\t\t\t<div class=\"elementor-element elementor-element-3d8ba0e elementor-widget elementor-widget-spacer\" data-id=\"3d8ba0e\" data-element_type=\"widget\" data-widget_type=\"spacer.default\">\n\t\t\t\t<div class=\"elementor-widget-container\">\n\t\t\t\t\t\t\t<div class=\"elementor-spacer\">\n\t\t\t<div class=\"elementor-spacer-inner\"><\/div>\n\t\t<\/div>\n\t\t\t\t\t\t<\/div>\n\t\t\t\t<\/div>\n\t\t\t\t<div class=\"elementor-element elementor-element-8dae3bb elementor-widget elementor-widget-text-editor\" data-id=\"8dae3bb\" data-element_type=\"widget\" data-widget_type=\"text-editor.default\">\n\t\t\t\t<div class=\"elementor-widget-container\">\n\t\t\t\t\t\t\t\t\t<div><div><p style=\"text-align: justify;\">Docente presso l'Institut fran\u00e7ais di Roma per 18 anni, A\u00efmata Guillain ha esercitato nei seguenti contesti:<\/p><\/div><\/div>\t\t\t\t\t\t\t\t<\/div>\n\t\t\t\t<\/div>\n\t\t\t\t<section class=\"elementor-section elementor-inner-section elementor-element elementor-element-e531dfa elementor-section-boxed elementor-section-height-default elementor-section-height-default wpr-particle-no wpr-jarallax-no wpr-parallax-no wpr-sticky-section-no\" data-id=\"e531dfa\" data-element_type=\"section\" data-settings=\"{&quot;_ha_eqh_enable&quot;:false}\">\n\t\t\t\t\t\t<div class=\"elementor-container elementor-column-gap-default\">\n\t\t\t\t\t<div class=\"elementor-column elementor-col-33 elementor-inner-column elementor-element elementor-element-0442091\" data-id=\"0442091\" data-element_type=\"column\">\n\t\t\t<div class=\"elementor-widget-wrap elementor-element-populated\">\n\t\t\t\t\t\t<div class=\"elementor-element elementor-element-507cda1 elementor-widget elementor-widget-text-editor\" data-id=\"507cda1\" data-element_type=\"widget\" data-widget_type=\"text-editor.default\">\n\t\t\t\t<div class=\"elementor-widget-container\">\n\t\t\t\t\t\t\t\t\t<p style=\"text-align: justify;\">Institut fran\u00e7ais &#8211; Centre Saint-Louis:<\/p><ul><li style=\"text-align: justify;\">Corsi collettivi di lingua e cultura francese; preparazione agli esami DELF-DALF;<\/li><li style=\"text-align: justify;\">Corsi individuali specializzati; preparazione per colloqui di assunzione, lettere di presentazione, redazione del CV, sensibilizzazione interculturale;<\/li><li style=\"text-align: justify;\">Corsi di fonetica e corsi di formazione per i professori dell\u2019Istituto francese e dei licei italiani in didattica della fonetica.<\/li><\/ul>\t\t\t\t\t\t\t\t<\/div>\n\t\t\t\t<\/div>\n\t\t\t\t\t<\/div>\n\t\t<\/div>\n\t\t\t\t<div class=\"elementor-column elementor-col-33 elementor-inner-column elementor-element elementor-element-de7cfae\" data-id=\"de7cfae\" data-element_type=\"column\">\n\t\t\t<div class=\"elementor-widget-wrap\">\n\t\t\t\t\t\t\t<\/div>\n\t\t<\/div>\n\t\t\t\t<div class=\"elementor-column elementor-col-33 elementor-inner-column elementor-element elementor-element-7e07d68\" data-id=\"7e07d68\" data-element_type=\"column\">\n\t\t\t<div class=\"elementor-widget-wrap elementor-element-populated\">\n\t\t\t\t\t\t<div class=\"elementor-element elementor-element-23572e2 elementor-widget elementor-widget-text-editor\" data-id=\"23572e2\" data-element_type=\"widget\" data-widget_type=\"text-editor.default\">\n\t\t\t\t<div class=\"elementor-widget-container\">\n\t\t\t\t\t\t\t\t\t<p style=\"text-align: justify;\">Altri sedi:<\/p><ul><li style=\"text-align: justify;\">Senato della Repubblica Italiana, Presidenza del Consiglio dei Ministri, Ministero degli Affari Esteri: preparazione in lingua francese di discorsi ufficiali, redazione di lettere formali, traduzione di articoli e conferenze, ecc.<\/li><li style=\"text-align: justify;\">Universit\u00e0 LUISS Guido Carli, sezioni Scienze Politiche, Diritto ed Economia: preparazione per gli esami universitari di lingua francese.<\/li><li style=\"text-align: justify;\">Universit\u00e0 Pontificia del Laterano: francese specializzato in diritto canonico e filosofia.<\/li><li style=\"text-align: justify;\">Pontificia Accademia Ecclesiastica: francese specializzato per l'esercizio del sacerdozio.<\/li><\/ul>\t\t\t\t\t\t\t\t<\/div>\n\t\t\t\t<\/div>\n\t\t\t\t\t<\/div>\n\t\t<\/div>\n\t\t\t\t\t<\/div>\n\t\t<\/section>\n\t\t\t\t\t<\/div>\n\t\t<\/div>\n\t\t\t\t\t<\/div>\n\t\t<\/section>\n\t\t\t\t<section class=\"elementor-section elementor-top-section elementor-element elementor-element-410aaef elementor-section-boxed elementor-section-height-default elementor-section-height-default wpr-particle-no wpr-jarallax-no wpr-parallax-no wpr-sticky-section-no\" data-id=\"410aaef\" data-element_type=\"section\" data-settings=\"{&quot;_ha_eqh_enable&quot;:false}\">\n\t\t\t\t\t\t<div class=\"elementor-container elementor-column-gap-default\">\n\t\t\t\t\t<div class=\"elementor-column elementor-col-100 elementor-top-column elementor-element elementor-element-6f8e6f7\" data-id=\"6f8e6f7\" data-element_type=\"column\">\n\t\t\t<div class=\"elementor-widget-wrap elementor-element-populated\">\n\t\t\t\t\t\t<div class=\"elementor-element elementor-element-02062b3 elementor-widget elementor-widget-image\" data-id=\"02062b3\" data-element_type=\"widget\" data-widget_type=\"image.default\">\n\t\t\t\t<div class=\"elementor-widget-container\">\n\t\t\t\t\t\t\t\t\t\t\t\t<figure class=\"wp-caption\">\n\t\t\t\t\t\t\t\t\t\t<img loading=\"lazy\" decoding=\"async\" width=\"1536\" height=\"782\" src=\"https:\/\/www.volf.fr\/wp-content\/uploads\/2024\/10\/classe1-1536x782.jpg\" class=\"attachment-1536x1536 size-1536x1536 wp-image-10267\" alt=\"Classe1\" srcset=\"https:\/\/www.volf.fr\/wp-content\/uploads\/2024\/10\/classe1-1536x782.jpg 1536w, https:\/\/www.volf.fr\/wp-content\/uploads\/2024\/10\/classe1-300x153.jpg 300w, https:\/\/www.volf.fr\/wp-content\/uploads\/2024\/10\/classe1-768x391.jpg 768w, https:\/\/www.volf.fr\/wp-content\/uploads\/2024\/10\/classe1-1030x525.jpg 1030w, https:\/\/www.volf.fr\/wp-content\/uploads\/2024\/10\/classe1-18x9.jpg 18w, https:\/\/www.volf.fr\/wp-content\/uploads\/2024\/10\/classe1-600x306.jpg 600w, https:\/\/www.volf.fr\/wp-content\/uploads\/2024\/10\/classe1.jpg 2048w\" sizes=\"(max-width: 1536px) 100vw, 1536px\" \/>\t\t\t\t\t\t\t\t\t\t\t<figcaption class=\"widget-image-caption wp-caption-text\">Institut fran\u00e7ais - Centre Saint-Louis, Rome<\/figcaption>\n\t\t\t\t\t\t\t\t\t\t<\/figure>\n\t\t\t\t\t\t\t\t\t<\/div>\n\t\t\t\t<\/div>\n\t\t\t\t<div class=\"elementor-element elementor-element-57bef6f elementor-widget elementor-widget-spacer\" data-id=\"57bef6f\" data-element_type=\"widget\" data-widget_type=\"spacer.default\">\n\t\t\t\t<div class=\"elementor-widget-container\">\n\t\t\t\t\t\t\t<div class=\"elementor-spacer\">\n\t\t\t<div class=\"elementor-spacer-inner\"><\/div>\n\t\t<\/div>\n\t\t\t\t\t\t<\/div>\n\t\t\t\t<\/div>\n\t\t\t\t\t<\/div>\n\t\t<\/div>\n\t\t\t\t\t<\/div>\n\t\t<\/section>\n\t\t\t\t<section class=\"elementor-section elementor-top-section elementor-element elementor-element-ba4175f elementor-section-boxed elementor-section-height-default elementor-section-height-default wpr-particle-no wpr-jarallax-no wpr-parallax-no wpr-sticky-section-no\" data-id=\"ba4175f\" data-element_type=\"section\" data-settings=\"{&quot;_ha_eqh_enable&quot;:false}\">\n\t\t\t\t\t\t<div class=\"elementor-container elementor-column-gap-default\">\n\t\t\t\t\t<div class=\"elementor-column elementor-col-100 elementor-top-column elementor-element elementor-element-fbedb87\" data-id=\"fbedb87\" data-element_type=\"column\">\n\t\t\t<div class=\"elementor-widget-wrap elementor-element-populated\">\n\t\t\t\t\t\t<div class=\"elementor-element elementor-element-e63c942 elementor-widget elementor-widget-heading\" data-id=\"e63c942\" data-element_type=\"widget\" data-widget_type=\"heading.default\">\n\t\t\t\t<div class=\"elementor-widget-container\">\n\t\t\t\t\t<h3 class=\"elementor-heading-title elementor-size-default\">Collaborazioni<\/h3>\t\t\t\t<\/div>\n\t\t\t\t<\/div>\n\t\t\t\t<div class=\"elementor-element elementor-element-0caf679 elementor-widget elementor-widget-spacer\" data-id=\"0caf679\" data-element_type=\"widget\" data-widget_type=\"spacer.default\">\n\t\t\t\t<div class=\"elementor-widget-container\">\n\t\t\t\t\t\t\t<div class=\"elementor-spacer\">\n\t\t\t<div class=\"elementor-spacer-inner\"><\/div>\n\t\t<\/div>\n\t\t\t\t\t\t<\/div>\n\t\t\t\t<\/div>\n\t\t\t\t<div class=\"elementor-element elementor-element-b906045 elementor-widget elementor-widget-image\" data-id=\"b906045\" data-element_type=\"widget\" data-widget_type=\"image.default\">\n\t\t\t\t<div class=\"elementor-widget-container\">\n\t\t\t\t\t\t\t\t\t\t\t\t\t\t\t<img loading=\"lazy\" decoding=\"async\" width=\"2048\" height=\"1477\" src=\"https:\/\/www.volf.fr\/wp-content\/uploads\/2020\/06\/enseignement-logos6.png\" class=\"attachment-full size-full wp-image-5856\" alt=\"Enseignement logos6\" srcset=\"https:\/\/www.volf.fr\/wp-content\/uploads\/2020\/06\/enseignement-logos6.png 2048w, https:\/\/www.volf.fr\/wp-content\/uploads\/2020\/06\/enseignement-logos6-18x12.png 18w, https:\/\/www.volf.fr\/wp-content\/uploads\/2020\/06\/enseignement-logos6-300x216.png 300w, https:\/\/www.volf.fr\/wp-content\/uploads\/2020\/06\/enseignement-logos6-768x554.png 768w, https:\/\/www.volf.fr\/wp-content\/uploads\/2020\/06\/enseignement-logos6-1030x743.png 1030w, https:\/\/www.volf.fr\/wp-content\/uploads\/2020\/06\/enseignement-logos6-1536x1108.png 1536w, https:\/\/www.volf.fr\/wp-content\/uploads\/2020\/06\/enseignement-logos6-600x433.png 600w\" sizes=\"(max-width: 2048px) 100vw, 2048px\" \/>\t\t\t\t\t\t\t\t\t\t\t\t\t\t\t<\/div>\n\t\t\t\t<\/div>\n\t\t\t\t\t<\/div>\n\t\t<\/div>\n\t\t\t\t\t<\/div>\n\t\t<\/section>\n\t\t\t\t<section class=\"elementor-section elementor-top-section elementor-element elementor-element-3c0f5e8 elementor-section-boxed elementor-section-height-default elementor-section-height-default wpr-particle-no wpr-jarallax-no wpr-parallax-no wpr-sticky-section-no\" data-id=\"3c0f5e8\" data-element_type=\"section\" data-settings=\"{&quot;_ha_eqh_enable&quot;:false}\">\n\t\t\t\t\t\t<div class=\"elementor-container elementor-column-gap-default\">\n\t\t\t\t\t<div class=\"elementor-column elementor-col-100 elementor-top-column elementor-element elementor-element-ef4027f\" data-id=\"ef4027f\" data-element_type=\"column\">\n\t\t\t<div class=\"elementor-widget-wrap elementor-element-populated\">\n\t\t\t\t\t\t<div class=\"elementor-element elementor-element-d0819c6 elementor-widget elementor-widget-spacer\" data-id=\"d0819c6\" data-element_type=\"widget\" data-widget_type=\"spacer.default\">\n\t\t\t\t<div class=\"elementor-widget-container\">\n\t\t\t\t\t\t\t<div class=\"elementor-spacer\">\n\t\t\t<div class=\"elementor-spacer-inner\"><\/div>\n\t\t<\/div>\n\t\t\t\t\t\t<\/div>\n\t\t\t\t<\/div>\n\t\t\t\t<div class=\"elementor-element elementor-element-ff674e3 elementor-widget elementor-widget-testimonial\" data-id=\"ff674e3\" data-element_type=\"widget\" data-widget_type=\"testimonial.default\">\n\t\t\t\t<div class=\"elementor-widget-container\">\n\t\t\t\t\t\t\t<div class=\"elementor-testimonial-wrapper\">\n\t\t\t\t\t\t\t<div class=\"elementor-testimonial-content\">Chiedi un appuntamento gratuito online per una prima valutazione e un orientamento sulla preparazione.<\/div>\n\t\t\t\n\t\t\t\t\t\t<div class=\"elementor-testimonial-meta elementor-has-image elementor-testimonial-image-position-top\">\n\t\t\t\t<div class=\"elementor-testimonial-meta-inner\">\n\t\t\t\t\t\t\t\t\t\t\t<div class=\"elementor-testimonial-image\">\n\t\t\t\t\t\t\t<a href=\"https:\/\/www.volf.fr\/it\/contact\/\"><img loading=\"lazy\" decoding=\"async\" width=\"1677\" height=\"1677\" src=\"https:\/\/www.volf.fr\/wp-content\/uploads\/2020\/06\/5K9A0734-copie.jpg\" class=\"attachment-full size-full wp-image-6011\" alt=\"5K9A0734 copie\" srcset=\"https:\/\/www.volf.fr\/wp-content\/uploads\/2020\/06\/5K9A0734-copie.jpg 1677w, https:\/\/www.volf.fr\/wp-content\/uploads\/2020\/06\/5K9A0734-copie-12x12.jpg 12w, https:\/\/www.volf.fr\/wp-content\/uploads\/2020\/06\/5K9A0734-copie-80x80.jpg 80w, https:\/\/www.volf.fr\/wp-content\/uploads\/2020\/06\/5K9A0734-copie-300x300.jpg 300w, https:\/\/www.volf.fr\/wp-content\/uploads\/2020\/06\/5K9A0734-copie-768x768.jpg 768w, https:\/\/www.volf.fr\/wp-content\/uploads\/2020\/06\/5K9A0734-copie-1030x1030.jpg 1030w, https:\/\/www.volf.fr\/wp-content\/uploads\/2020\/06\/5K9A0734-copie-1536x1536.jpg 1536w, https:\/\/www.volf.fr\/wp-content\/uploads\/2020\/06\/5K9A0734-copie-600x600.jpg 600w, https:\/\/www.volf.fr\/wp-content\/uploads\/2020\/06\/5K9A0734-copie-100x100.jpg 100w\" sizes=\"(max-width: 1677px) 100vw, 1677px\" \/><\/a>\t\t\t\t\t\t<\/div>\n\t\t\t\t\t\n\t\t\t\t\t\t\t\t\t<\/div>\n\t\t\t<\/div>\n\t\t\t\t\t<\/div>\n\t\t\t\t\t\t<\/div>\n\t\t\t\t<\/div>\n\t\t\t\t<div class=\"elementor-element elementor-element-79a04ba elementor-align-center elementor-widget elementor-widget-button\" data-id=\"79a04ba\" data-element_type=\"widget\" data-widget_type=\"button.default\">\n\t\t\t\t<div class=\"elementor-widget-container\">\n\t\t\t\t\t\t\t\t\t<div class=\"elementor-button-wrapper\">\n\t\t\t\t\t<a class=\"elementor-button elementor-button-link elementor-size-sm\" href=\"https:\/\/www.volf.fr\/it\/contact\/\">\n\t\t\t\t\t\t<span class=\"elementor-button-content-wrapper\">\n\t\t\t\t\t\t\t\t\t<span class=\"elementor-button-text\">Contattare A\u00efmata Guillain<\/span>\n\t\t\t\t\t<\/span>\n\t\t\t\t\t<\/a>\n\t\t\t\t<\/div>\n\t\t\t\t\t\t\t\t<\/div>\n\t\t\t\t<\/div>\n\t\t\t\t<div class=\"elementor-element elementor-element-5cf4a8d elementor-widget elementor-widget-spacer\" data-id=\"5cf4a8d\" data-element_type=\"widget\" data-widget_type=\"spacer.default\">\n\t\t\t\t<div class=\"elementor-widget-container\">\n\t\t\t\t\t\t\t<div class=\"elementor-spacer\">\n\t\t\t<div class=\"elementor-spacer-inner\"><\/div>\n\t\t<\/div>\n\t\t\t\t\t\t<\/div>\n\t\t\t\t<\/div>\n\t\t\t\t<div class=\"elementor-element elementor-element-50ab475 elementor-widget elementor-widget-spacer\" data-id=\"50ab475\" data-element_type=\"widget\" data-widget_type=\"spacer.default\">\n\t\t\t\t<div class=\"elementor-widget-container\">\n\t\t\t\t\t\t\t<div class=\"elementor-spacer\">\n\t\t\t<div class=\"elementor-spacer-inner\"><\/div>\n\t\t<\/div>\n\t\t\t\t\t\t<\/div>\n\t\t\t\t<\/div>\n\t\t\t\t\t<\/div>\n\t\t<\/div>\n\t\t\t\t\t<\/div>\n\t\t<\/section>\n\t\t\t\t<\/div>","protected":false},"excerpt":{"rendered":"<p>A\u00efmata Guillain Sp\u00e9cialis\u00e9e dans la diction chant\u00e9e pour l\u2019op\u00e9ra et la musique de chambre, A\u00efmata Guillain enseigne au Conservatoire National de Musique Sainte-C\u00e9cile de Rome&hellip;<\/p>","protected":false},"author":1,"featured_media":0,"parent":0,"menu_order":0,"comment_status":"closed","ping_status":"closed","template":"","meta":{"_uag_custom_page_level_css":"","slim_seo":{"title":"\u00c0 propos - VOLF \u2013 Voix et Langue Fran\u00e7aise","description":"A\u00efmata Guillain Sp\u00e9cialis\u00e9e dans la diction chant\u00e9e pour l\u2019op\u00e9ra et la musique de chambre, A\u00efmata Guillain enseigne au Conservatoire National de Musique Sainte-"},"footnotes":""},"class_list":["post-2566","page","type-page","status-publish","hentry"],"yoast_head":"<!-- This site is optimized with the Yoast SEO plugin v26.6 - https:\/\/yoast.com\/wordpress\/plugins\/seo\/ -->\n<title>\u00c0 propos - VOLF \u2013 Voix et Langue Fran\u00e7aise<\/title>\n<meta name=\"robots\" content=\"index, follow, max-snippet:-1, max-image-preview:large, max-video-preview:-1\" \/>\n<link rel=\"canonical\" href=\"https:\/\/www.volf.fr\/it\/presentation\/\" \/>\n<meta property=\"og:locale\" content=\"it_IT\" \/>\n<meta property=\"og:type\" content=\"article\" \/>\n<meta property=\"og:title\" content=\"\u00c0 propos - VOLF \u2013 Voix et Langue Fran\u00e7aise\" \/>\n<meta property=\"og:description\" content=\"A\u00efmata Guillain Sp\u00e9cialis\u00e9e dans la diction chant\u00e9e pour l\u2019op\u00e9ra et la musique de chambre, A\u00efmata Guillain enseigne au Conservatoire National de Musique Sainte-C\u00e9cile de Rome&hellip;\" \/>\n<meta property=\"og:url\" content=\"https:\/\/www.volf.fr\/it\/presentation\/\" \/>\n<meta property=\"og:site_name\" content=\"VOLF \u2013 Voix et Langue Fran\u00e7aise\" \/>\n<meta property=\"article:modified_time\" content=\"2024-12-08T14:44:39+00:00\" \/>\n<meta property=\"og:image\" content=\"https:\/\/www.volf.fr\/wp-content\/uploads\/2020\/06\/muti.jpg\" \/>\n<meta name=\"twitter:card\" content=\"summary_large_image\" \/>\n<meta name=\"twitter:label1\" content=\"Tempo di lettura stimato\" \/>\n\t<meta name=\"twitter:data1\" content=\"20 minuti\" \/>\n<script type=\"application\/ld+json\" class=\"yoast-schema-graph\">{\"@context\":\"https:\/\/schema.org\",\"@graph\":[{\"@type\":\"WebPage\",\"@id\":\"https:\/\/www.volf.fr\/presentation\/\",\"url\":\"https:\/\/www.volf.fr\/presentation\/\",\"name\":\"\u00c0 propos - VOLF \u2013 Voix et Langue Fran\u00e7aise\",\"isPartOf\":{\"@id\":\"https:\/\/www.volf.fr\/#website\"},\"primaryImageOfPage\":{\"@id\":\"https:\/\/www.volf.fr\/presentation\/#primaryimage\"},\"image\":{\"@id\":\"https:\/\/www.volf.fr\/presentation\/#primaryimage\"},\"thumbnailUrl\":\"https:\/\/www.volf.fr\/wp-content\/uploads\/2020\/06\/muti.jpg\",\"datePublished\":\"2013-10-21T10:15:22+00:00\",\"dateModified\":\"2024-12-08T14:44:39+00:00\",\"breadcrumb\":{\"@id\":\"https:\/\/www.volf.fr\/presentation\/#breadcrumb\"},\"inLanguage\":\"it-IT\",\"potentialAction\":[{\"@type\":\"ReadAction\",\"target\":[\"https:\/\/www.volf.fr\/presentation\/\"]}]},{\"@type\":\"ImageObject\",\"inLanguage\":\"it-IT\",\"@id\":\"https:\/\/www.volf.fr\/presentation\/#primaryimage\",\"url\":\"https:\/\/www.volf.fr\/wp-content\/uploads\/2020\/06\/muti.jpg\",\"contentUrl\":\"https:\/\/www.volf.fr\/wp-content\/uploads\/2020\/06\/muti.jpg\"},{\"@type\":\"BreadcrumbList\",\"@id\":\"https:\/\/www.volf.fr\/presentation\/#breadcrumb\",\"itemListElement\":[{\"@type\":\"ListItem\",\"position\":1,\"name\":\"Accueil\",\"item\":\"https:\/\/www.volf.fr\/\"},{\"@type\":\"ListItem\",\"position\":2,\"name\":\"\u00c0 propos\"}]},{\"@type\":\"WebSite\",\"@id\":\"https:\/\/www.volf.fr\/#website\",\"url\":\"https:\/\/www.volf.fr\/\",\"name\":\"VOLF \u2013 Voix et Langue Fran\u00e7aise\",\"description\":\"\",\"publisher\":{\"@id\":\"https:\/\/www.volf.fr\/#organization\"},\"potentialAction\":[{\"@type\":\"SearchAction\",\"target\":{\"@type\":\"EntryPoint\",\"urlTemplate\":\"https:\/\/www.volf.fr\/?s={search_term_string}\"},\"query-input\":{\"@type\":\"PropertyValueSpecification\",\"valueRequired\":true,\"valueName\":\"search_term_string\"}}],\"inLanguage\":\"it-IT\"},{\"@type\":\"Organization\",\"@id\":\"https:\/\/www.volf.fr\/#organization\",\"name\":\"VOLF \u2013 Voix et Langue Fran\u00e7aise\",\"url\":\"https:\/\/www.volf.fr\/\",\"logo\":{\"@type\":\"ImageObject\",\"inLanguage\":\"it-IT\",\"@id\":\"https:\/\/www.volf.fr\/#\/schema\/logo\/image\/\",\"url\":\"https:\/\/www.volf.fr\/wp-content\/uploads\/2024\/09\/cropped-logo-volf1-2.png\",\"contentUrl\":\"https:\/\/www.volf.fr\/wp-content\/uploads\/2024\/09\/cropped-logo-volf1-2.png\",\"width\":685,\"height\":685,\"caption\":\"VOLF \u2013 Voix et Langue Fran\u00e7aise\"},\"image\":{\"@id\":\"https:\/\/www.volf.fr\/#\/schema\/logo\/image\/\"}}]}<\/script>\n<!-- \/ Yoast SEO plugin. -->","yoast_head_json":{"title":"\u00c0 propos - VOLF \u2013 Voix et Langue Fran\u00e7aise","robots":{"index":"index","follow":"follow","max-snippet":"max-snippet:-1","max-image-preview":"max-image-preview:large","max-video-preview":"max-video-preview:-1"},"canonical":"https:\/\/www.volf.fr\/it\/presentation\/","og_locale":"it_IT","og_type":"article","og_title":"\u00c0 propos - VOLF \u2013 Voix et Langue Fran\u00e7aise","og_description":"A\u00efmata Guillain Sp\u00e9cialis\u00e9e dans la diction chant\u00e9e pour l\u2019op\u00e9ra et la musique de chambre, A\u00efmata Guillain enseigne au Conservatoire National de Musique Sainte-C\u00e9cile de Rome&hellip;","og_url":"https:\/\/www.volf.fr\/it\/presentation\/","og_site_name":"VOLF \u2013 Voix et Langue Fran\u00e7aise","article_modified_time":"2024-12-08T14:44:39+00:00","og_image":[{"url":"https:\/\/www.volf.fr\/wp-content\/uploads\/2020\/06\/muti.jpg","type":"","width":"","height":""}],"twitter_card":"summary_large_image","twitter_misc":{"Tempo di lettura stimato":"20 minuti"},"schema":{"@context":"https:\/\/schema.org","@graph":[{"@type":"WebPage","@id":"https:\/\/www.volf.fr\/presentation\/","url":"https:\/\/www.volf.fr\/presentation\/","name":"\u00c0 propos - VOLF \u2013 Voix et Langue Fran\u00e7aise","isPartOf":{"@id":"https:\/\/www.volf.fr\/#website"},"primaryImageOfPage":{"@id":"https:\/\/www.volf.fr\/presentation\/#primaryimage"},"image":{"@id":"https:\/\/www.volf.fr\/presentation\/#primaryimage"},"thumbnailUrl":"https:\/\/www.volf.fr\/wp-content\/uploads\/2020\/06\/muti.jpg","datePublished":"2013-10-21T10:15:22+00:00","dateModified":"2024-12-08T14:44:39+00:00","breadcrumb":{"@id":"https:\/\/www.volf.fr\/presentation\/#breadcrumb"},"inLanguage":"it-IT","potentialAction":[{"@type":"ReadAction","target":["https:\/\/www.volf.fr\/presentation\/"]}]},{"@type":"ImageObject","inLanguage":"it-IT","@id":"https:\/\/www.volf.fr\/presentation\/#primaryimage","url":"https:\/\/www.volf.fr\/wp-content\/uploads\/2020\/06\/muti.jpg","contentUrl":"https:\/\/www.volf.fr\/wp-content\/uploads\/2020\/06\/muti.jpg"},{"@type":"BreadcrumbList","@id":"https:\/\/www.volf.fr\/presentation\/#breadcrumb","itemListElement":[{"@type":"ListItem","position":1,"name":"Accueil","item":"https:\/\/www.volf.fr\/"},{"@type":"ListItem","position":2,"name":"\u00c0 propos"}]},{"@type":"WebSite","@id":"https:\/\/www.volf.fr\/#website","url":"https:\/\/www.volf.fr\/","name":"VOLF \u2013 Voix et Langue Fran\u00e7aise","description":"","publisher":{"@id":"https:\/\/www.volf.fr\/#organization"},"potentialAction":[{"@type":"SearchAction","target":{"@type":"EntryPoint","urlTemplate":"https:\/\/www.volf.fr\/?s={search_term_string}"},"query-input":{"@type":"PropertyValueSpecification","valueRequired":true,"valueName":"search_term_string"}}],"inLanguage":"it-IT"},{"@type":"Organization","@id":"https:\/\/www.volf.fr\/#organization","name":"VOLF \u2013 Voix et Langue Fran\u00e7aise","url":"https:\/\/www.volf.fr\/","logo":{"@type":"ImageObject","inLanguage":"it-IT","@id":"https:\/\/www.volf.fr\/#\/schema\/logo\/image\/","url":"https:\/\/www.volf.fr\/wp-content\/uploads\/2024\/09\/cropped-logo-volf1-2.png","contentUrl":"https:\/\/www.volf.fr\/wp-content\/uploads\/2024\/09\/cropped-logo-volf1-2.png","width":685,"height":685,"caption":"VOLF \u2013 Voix et Langue Fran\u00e7aise"},"image":{"@id":"https:\/\/www.volf.fr\/#\/schema\/logo\/image\/"}}]}},"uagb_featured_image_src":{"full":false,"thumbnail":false,"medium":false,"medium_large":false,"large":false,"1536x1536":false,"2048x2048":false,"trp-custom-language-flag":false,"woocommerce_thumbnail":false,"woocommerce_single":false,"woocommerce_gallery_thumbnail":false},"uagb_author_info":{"display_name":"Eymat\u00e0","author_link":"https:\/\/www.volf.fr\/it\/author\/aimata\/"},"uagb_comment_info":0,"uagb_excerpt":"A\u00efmata Guillain Sp\u00e9cialis\u00e9e dans la diction chant\u00e9e pour l\u2019op\u00e9ra et la musique de chambre, A\u00efmata Guillain enseigne au Conservatoire National de Musique Sainte-C\u00e9cile de Rome&hellip;","_links":{"self":[{"href":"https:\/\/www.volf.fr\/it\/wp-json\/wp\/v2\/pages\/2566","targetHints":{"allow":["GET"]}}],"collection":[{"href":"https:\/\/www.volf.fr\/it\/wp-json\/wp\/v2\/pages"}],"about":[{"href":"https:\/\/www.volf.fr\/it\/wp-json\/wp\/v2\/types\/page"}],"author":[{"embeddable":true,"href":"https:\/\/www.volf.fr\/it\/wp-json\/wp\/v2\/users\/1"}],"replies":[{"embeddable":true,"href":"https:\/\/www.volf.fr\/it\/wp-json\/wp\/v2\/comments?post=2566"}],"version-history":[{"count":668,"href":"https:\/\/www.volf.fr\/it\/wp-json\/wp\/v2\/pages\/2566\/revisions"}],"predecessor-version":[{"id":10797,"href":"https:\/\/www.volf.fr\/it\/wp-json\/wp\/v2\/pages\/2566\/revisions\/10797"}],"wp:attachment":[{"href":"https:\/\/www.volf.fr\/it\/wp-json\/wp\/v2\/media?parent=2566"}],"curies":[{"name":"wp","href":"https:\/\/api.w.org\/{rel}","templated":true}]}}